{"id":2138,"date":"2018-07-24T14:40:23","date_gmt":"2018-07-24T12:40:23","guid":{"rendered":"https:\/\/bankkultur.ch\/?page_id=2138"},"modified":"2019-04-25T01:10:54","modified_gmt":"2019-04-24T23:10:54","slug":"medienordner","status":"publish","type":"page","link":"https:\/\/bankkultur.ch\/fr\/de\/medien\/medienordner\/","title":{"rendered":"Medienordner"},"content":{"rendered":"<style type=\"text\/css\"> \n#cmsms_row_69f1f74d4ea74 .cmsms_row_outer_parent { \n\tpadding-top: 0px; \n} \n\n#cmsms_row_69f1f74d4ea74 .cmsms_row_outer_parent { \n\tpadding-bottom: 50px; \n} \n\n \n#cmsms_heading_69f1f74d4ec48, #cmsms_heading_69f1f74d4ec48 a { \n\tfont-weight:400; \n\tfont-style:normal; \n\tmargin-top:50px; \n\tmargin-bottom:20px; \n} \n \n#cmsms_divider_69f1f74d4ee6e { \n\tpadding-top:50px; \n\tmargin-bottom:50px; \n} \n \n#cmsms_heading_69f1f74d4ef79, #cmsms_heading_69f1f74d4ef79 a { \n\tfont-weight:400; \n\tfont-style:normal; \n\tmargin-top:50px; \n\tmargin-bottom:20px; \n} \n \n#cmsms_divider_69f1f74d4efc7 { \n\tpadding-top:50px; \n\tmargin-bottom:50px; \n} \n \n#cmsms_row_69f1f74d4f082 .cmsms_row_outer_parent { \n\tpadding-top: 0px; \n} \n\n#cmsms_row_69f1f74d4f082 .cmsms_row_outer_parent { \n\tpadding-bottom: 50px; \n} \n\n \n#cmsms_divider_69f1f74d4f28f { \n\tpadding-top:50px; \n\tmargin-bottom:50px; \n} \n \n#cmsms_heading_69f1f74d4f2a6, #cmsms_heading_69f1f74d4f2a6 a { \n\tfont-weight:400; \n\tfont-style:normal; \n\tmargin-top:0px; \n\tmargin-bottom:20px; \n} \n<\/style><div id=\"cmsms_row_69f1f74d4ea74\" class=\"cmsms_row cmsms_color_scheme_default\">\n<div class=\"cmsms_row_outer_parent\">\n<div class=\"cmsms_row_outer\">\n<div class=\"cmsms_row_inner\">\n<div class=\"cmsms_row_margin\">\n<div class=\"cmsms_column one_half\">\n<h1 id=\"cmsms_heading_69f1f74d4ec48\" class=\"cmsms_heading\">B\u00e4nkli-Challenge 2018 &#8211; Presseunterlagen<\/h1><div class=\"cmsms_text\">\n<h2>Presseunterlagen<\/h2>\n<p><strong>24.4.2019: <a href=\"https:\/\/bankkultur.ch\/wp-content\/uploads\/2019\/04\/2018-09-24_Wanderbank2019_de.pdf\" target=\"_blank\" rel=\"noopener\">Presseaussendung Wanderbank<\/a><\/strong><\/p>\n<p><a href=\"https:\/\/bankkultur.ch\/wp-content\/uploads\/2019\/01\/2019-01-10_ResultatChallenge2018_DE.pdf\" target=\"_blank\" rel=\"noopener\">Presseaussendung vom 17.1.2019<\/a><\/p>\n<p><a href=\"https:\/\/bankkultur.ch\/wp-content\/uploads\/2018\/07\/2018-07-26-Baenkli-Challenge-2018.pdf\" target=\"_blank\" rel=\"noopener\">Presseaussendung vom 26.7.2018<\/a><\/p>\n<\/div>\n<div id=\"cmsms_divider_69f1f74d4ee6e\" class=\"cmsms_divider solid\"><\/div>\n<div class=\"cmsms_text\">\n<h1>Dokumente<\/h1>\n<p><a href=\"https:\/\/bankkultur.ch\/wp-content\/uploads\/2019\/04\/11.jpg\" target=\"_blank\" rel=\"noopener\">Foto der Wanderbank<\/a><\/p>\n<p><a href=\"https:\/\/bankkultur.ch\/wp-content\/uploads\/2019\/04\/Flyer_Wanderbank-2019de.pdf\">Flyer Wanerbank deutsch<\/a><\/p>\n<p><a href=\"https:\/\/bankkultur.ch\/wp-content\/uploads\/2019\/01\/Verein-Bankkultur-Logo_transp.png\" target=\"_blank\" rel=\"noopener\">Logo Verein Bankkultur<\/a><\/p>\n<p>zu fr\u00fcheren Aktionen<\/p>\n<p>B\u00e4nkli-Challenge 2018:<a href=\"https:\/\/bankkultur.ch\/wp-content\/uploads\/2019\/01\/Ergebnis-Baenkli-Challenge-2.1.19-graf2.png-1.jpg\" target=\"_blank\" rel=\"noopener\">Grafik der kantonalen Ergebnisse<\/a><\/p>\n<\/div>\n<\/div>\n<div class=\"cmsms_column one_half\">\n<h1 id=\"cmsms_heading_69f1f74d4ef79\" class=\"cmsms_heading\">Challenge banc&#8217;aire 2018 &#8211; dossier de presse<\/h1><div class=\"cmsms_text\">\n<h2>Communiqu\u00e9s de presse<\/h2>\n<p><strong>24.4.2019: <a href=\"https:\/\/bankkultur.ch\/wp-content\/uploads\/2019\/04\/2018-09-24_RandoBanc2019_fr.pdf\" target=\"_blank\" rel=\"noopener\">RandoBanc 2019<\/a><\/strong><\/p>\n<p><a href=\"https:\/\/bankkultur.ch\/wp-content\/uploads\/2019\/01\/2019-01-10_ResultatsChallenge2018_FR.pdf\" target=\"_blank\" rel=\"noopener\">17.1.2019: Les r\u00e9sultats du Challenge banc&#8217;aire 2018<\/a><\/p>\n<p><a href=\"https:\/\/bankkultur.ch\/wp-content\/uploads\/2018\/07\/2018-07-26_Challenge_bancaire-2018_FR.pdf\" target=\"_blank\" rel=\"noopener\">26.7.2018: le Challenge banc&#8217;aire 2018<\/a><\/p>\n<\/div>\n<div id=\"cmsms_divider_69f1f74d4efc7\" class=\"cmsms_divider solid\"><\/div>\n<div class=\"cmsms_text\">\n<h1>Documents<\/h1>\n<p><a href=\"https:\/\/bankkultur.ch\/wp-content\/uploads\/2019\/04\/11.jpg\" target=\"_blank\" rel=\"noopener\">Photo du RandoBanc, version allemande<\/a><\/p>\n<p><a href=\"https:\/\/bankkultur.ch\/wp-content\/uploads\/2019\/04\/Flyer_RandoBanc2019fr.pdf\">Papillon &#8211; RandoBanc 2019 fran\u00e7ais<\/a><\/p>\n<p><a href=\"https:\/\/bankkultur.ch\/wp-content\/uploads\/2019\/01\/Verein-Bankkultur-Logo.jpg\" target=\"_blank\" rel=\"noopener\">Logo Association Bankkultur<\/a><\/p>\n<p><strong>Documents pour anciennes activit\u00e9s:<\/strong><\/p>\n<p><a href=\"https:\/\/bankkultur.ch\/wp-content\/uploads\/2019\/01\/Ergebnis-Baenkli-Challenge-2.1.19-graf_fr-1.png\" target=\"_blank\" rel=\"noopener\">Graphique des r\u00e9sultats cantonales<\/a><\/p>\n<\/div>\n<div class=\"cmsms_text\">\n<p><\/p>\n<\/div>\n<\/div>\n<\/div>\n<\/div>\n<\/div>\n<\/div>\n<\/div>\n<div id=\"cmsms_row_69f1f74d4f082\" class=\"cmsms_row cmsms_color_scheme_default\">\n<div class=\"cmsms_row_outer_parent\">\n<div class=\"cmsms_row_outer\">\n<div class=\"cmsms_row_inner\">\n<div class=\"cmsms_row_margin\">\n<div class=\"cmsms_column one_first\">\n<div id=\"cmsms_divider_69f1f74d4f28f\" class=\"cmsms_divider solid\"><\/div>\n<h1 id=\"cmsms_heading_69f1f74d4f2a6\" class=\"cmsms_heading\">B\u00e4nklifotos &#8211; Photos des bancs<\/h1><div class=\"cmsms_text\">\n<p>Diese Fotos sind zur freien Benutzung unter Erw\u00e4hnung der Fotografen f\u00fcr Artikel zur Challenge 2018, zu Projekten der Marke &#8220;Bankgeheimnisse&#8221; \u00fcber den Verein Bankkultur. Die Namen der Fotografen sowie die Beschreibung des Ortes finden sich im Dateinamen wieder.<\/p>\n<p>Ces photos peuvent \u00eatre librement utilis\u00e9es dans le cadre d\u2019un article sur le Challenge 2018, le projet \u00ab\u00a0Secrets banc\u2019aires\u00ae\u00a0\u00bb ou le Verein Bankkultur. Cependant, veuillez toujours mentionner\u00a0le nom du photographe.<\/p>\n<\/div>\n<div class=\"cmsms_gallery\">\n<ul>\n<li class=\"one_half cmsms_caption\">\n<figure><a href=\"https:\/\/bankkultur.ch\/wp-content\/uploads\/2019\/04\/11.jpg\" rel=\"ilightbox[69f1f74d4f308]\"><img width=\"820\" height=\"490\" src=\"https:\/\/bankkultur.ch\/wp-content\/uploads\/2019\/04\/11-820x490.jpg\" class=\"attachment-post-thumbnail size-post-thumbnail\" alt=\"\" loading=\"lazy\" \/><\/a><figcaption>Wanderbank - RandoBanc 2019<\/figcaption><\/figure><\/li>\n<li class=\"one_half cmsms_caption\">\n<figure><a href=\"https:\/\/bankkultur.ch\/wp-content\/uploads\/2019\/04\/Hans-Peter-Bruder-Weg-der-Schweiz-obhlb-Sisikon-SZ-Blick-ins-Urnerland.jpg\" rel=\"ilightbox[69f1f74d4f308]\"><img width=\"820\" height=\"490\" src=\"https:\/\/bankkultur.ch\/wp-content\/uploads\/2019\/04\/Hans-Peter-Bruder-Weg-der-Schweiz-obhlb-Sisikon-SZ-Blick-ins-Urnerland-820x490.jpg\" class=\"attachment-post-thumbnail size-post-thumbnail\" alt=\"\" loading=\"lazy\" \/><\/a><figcaption>Hans-Peter Bruder, Weg der Schweiz obhlb Sisikon, SZ, Blick ins Urnerland<\/figcaption><\/figure><\/li>\n<li class=\"one_half cmsms_caption\">\n<figure><a href=\"https:\/\/bankkultur.ch\/wp-content\/uploads\/2019\/01\/Hermann-Lageder-Schwelliseeblick-bei-Arosa.jpg\" rel=\"ilightbox[69f1f74d4f308]\"><img width=\"720\" height=\"490\" src=\"https:\/\/bankkultur.ch\/wp-content\/uploads\/2019\/01\/Hermann-Lageder-Schwelliseeblick-bei-Arosa-720x490.jpg\" class=\"attachment-post-thumbnail size-post-thumbnail\" alt=\"\" loading=\"lazy\" \/><\/a><figcaption>Hermann Lageder - Schwelliseeblick bei Arosa<\/figcaption><\/figure><\/li>\n<li class=\"one_half cmsms_caption\">\n<figure><a href=\"https:\/\/bankkultur.ch\/wp-content\/uploads\/2018\/07\/Renate-Albrecher_Blick-auf-den-wunderbar-ruhigen-W\u00e4gitalerSee.jpg\" rel=\"ilightbox[69f1f74d4f308]\"><img width=\"820\" height=\"490\" src=\"https:\/\/bankkultur.ch\/wp-content\/uploads\/2018\/07\/Renate-Albrecher_Blick-auf-den-wunderbar-ruhigen-W\u00e4gitalerSee-820x490.jpg\" class=\"attachment-post-thumbnail size-post-thumbnail\" alt=\"\" loading=\"lazy\" \/><\/a><figcaption>Blick auf den wunderbar ruhigen W\u00e4gitalersee (c) Renate Albrecher<\/figcaption><\/figure><\/li>\n<li class=\"one_half cmsms_caption\">\n<figure><a href=\"https:\/\/bankkultur.ch\/wp-content\/uploads\/2018\/07\/Hans-Peter_Bruder_Panoramaweg_Aegerital.jpg\" rel=\"ilightbox[69f1f74d4f308]\"><img width=\"820\" height=\"490\" src=\"https:\/\/bankkultur.ch\/wp-content\/uploads\/2018\/07\/Hans-Peter_Bruder_Panoramaweg_Aegerital-820x490.jpg\" class=\"attachment-post-thumbnail size-post-thumbnail\" alt=\"\" loading=\"lazy\" \/><\/a><figcaption>Panoramaweg Aegerital (c) Hans-Peter Bruder<\/figcaption><\/figure><\/li>\n<li class=\"one_half cmsms_caption\">\n<figure><a href=\"https:\/\/bankkultur.ch\/wp-content\/uploads\/2018\/07\/Hans-Peter_Bruder_Weg-der-Schweiz-zwischen-Seelisberg-und-Bauen.jpg\" rel=\"ilightbox[69f1f74d4f308]\"><img width=\"820\" height=\"490\" src=\"https:\/\/bankkultur.ch\/wp-content\/uploads\/2018\/07\/Hans-Peter_Bruder_Weg-der-Schweiz-zwischen-Seelisberg-und-Bauen-820x490.jpg\" class=\"attachment-post-thumbnail size-post-thumbnail\" alt=\"\" loading=\"lazy\" \/><\/a><figcaption>Weg der Schweiz zwischen Seelisberg und Bauen Panoramweg Aegerital2 (c) Hans-Peter Bruder<\/figcaption><\/figure><\/li>\n<li class=\"one_half cmsms_caption\">\n<figure><a href=\"https:\/\/bankkultur.ch\/wp-content\/uploads\/2018\/07\/Hans-Peter-Bruder-Arnisee-09.09.2014-064.jpg\" rel=\"ilightbox[69f1f74d4f308]\"><img width=\"820\" height=\"490\" src=\"https:\/\/bankkultur.ch\/wp-content\/uploads\/2018\/07\/Hans-Peter-Bruder-Arnisee-09.09.2014-064-820x490.jpg\" class=\"attachment-post-thumbnail size-post-thumbnail\" alt=\"\" loading=\"lazy\" \/><\/a><figcaption>Arnisee (c) Hans-Peter Bruder<\/figcaption><\/figure><\/li>\n<li class=\"one_half cmsms_caption\">\n<figure><a href=\"https:\/\/bankkultur.ch\/wp-content\/uploads\/2018\/07\/Hans-Peter-Bruder-Fronalpstock-2.jpg\" rel=\"ilightbox[69f1f74d4f308]\"><img width=\"820\" height=\"490\" src=\"https:\/\/bankkultur.ch\/wp-content\/uploads\/2018\/07\/Hans-Peter-Bruder-Fronalpstock-2-820x490.jpg\" class=\"attachment-post-thumbnail size-post-thumbnail\" alt=\"\" loading=\"lazy\" \/><\/a><figcaption>Fronalpstock2 (c) Hans-Peter Bruder<\/figcaption><\/figure><\/li>\n<li class=\"one_half cmsms_caption\">\n<figure><a href=\"https:\/\/bankkultur.ch\/wp-content\/uploads\/2018\/07\/Hans-Peter_Bruder_Immensee-am-Zugersee.-Blickrichtung-Arth-am-Zugersee.jpg\" rel=\"ilightbox[69f1f74d4f308]\"><img width=\"820\" height=\"490\" src=\"https:\/\/bankkultur.ch\/wp-content\/uploads\/2018\/07\/Hans-Peter_Bruder_Immensee-am-Zugersee.-Blickrichtung-Arth-am-Zugersee-820x490.jpg\" class=\"attachment-post-thumbnail size-post-thumbnail\" alt=\"\" loading=\"lazy\" \/><\/a><figcaption>Immensee am Zugersee, Blickrichtung ARth am Zugersee (c) Hans-Peter Bruder<\/figcaption><\/figure><\/li>\n<li class=\"one_half cmsms_caption\">\n<figure><a href=\"https:\/\/bankkultur.ch\/wp-content\/uploads\/2018\/07\/Renate_Albrecher-Place-de-D\u00e9barcadere-in-St-Sulpice-VD-Blick-auf-GenferSee-u.-Rhonemuendung.jpg\" rel=\"ilightbox[69f1f74d4f308]\"><img width=\"820\" height=\"490\" src=\"https:\/\/bankkultur.ch\/wp-content\/uploads\/2018\/07\/Renate_Albrecher-Place-de-D\u00e9barcadere-in-St-Sulpice-VD-Blick-auf-GenferSee-u.-Rhonemuendung-820x490.jpg\" class=\"attachment-post-thumbnail size-post-thumbnail\" alt=\"\" loading=\"lazy\" \/><\/a><figcaption>Place de D\u00e9barcadere, St-Sulpice-VD (c) Renate Albrecher<\/figcaption><\/figure><\/li>\n<li class=\"one_half cmsms_caption\">\n<figure><a href=\"https:\/\/bankkultur.ch\/wp-content\/uploads\/2018\/07\/Verena-Vieser-Baenkli-fuer-Verliebte-Zugersee_Promenade.jpg\" rel=\"ilightbox[69f1f74d4f308]\"><img width=\"820\" height=\"490\" src=\"https:\/\/bankkultur.ch\/wp-content\/uploads\/2018\/07\/Verena-Vieser-Baenkli-fuer-Verliebte-Zugersee_Promenade-820x490.jpg\" class=\"attachment-post-thumbnail size-post-thumbnail\" alt=\"\" loading=\"lazy\" srcset=\"https:\/\/bankkultur.ch\/wp-content\/uploads\/2018\/07\/Verena-Vieser-Baenkli-fuer-Verliebte-Zugersee_Promenade-820x490.jpg 820w, https:\/\/bankkultur.ch\/wp-content\/uploads\/2018\/07\/Verena-Vieser-Baenkli-fuer-Verliebte-Zugersee_Promenade-150x91.jpg 150w\" sizes=\"(max-width: 820px) 100vw, 820px\" \/><\/a><figcaption>B\u00e4nkli f\u00fcr Verliebte an der Zugersee Promenade (c) Verena Vieser<\/figcaption><\/figure><\/li>\n<li class=\"one_half cmsms_caption\">\n<figure><a href=\"https:\/\/bankkultur.ch\/wp-content\/uploads\/2018\/07\/Renate_Albrecher_St-Sulpice_VD_GenferSeeBlickRhone-Muendung.jpg\" rel=\"ilightbox[69f1f74d4f308]\"><img width=\"820\" height=\"490\" src=\"https:\/\/bankkultur.ch\/wp-content\/uploads\/2018\/07\/Renate_Albrecher_St-Sulpice_VD_GenferSeeBlickRhone-Muendung-820x490.jpg\" class=\"attachment-post-thumbnail size-post-thumbnail\" alt=\"\" loading=\"lazy\" \/><\/a><figcaption>B\u00e4nkli-Freudensprung in St-Sulpice VD am Genfer See (c) Renate Albrecher<\/figcaption><\/figure><\/li>\n<li class=\"one_half cmsms_caption\">\n<figure><a href=\"https:\/\/bankkultur.ch\/wp-content\/uploads\/2018\/07\/Hans-Peter-Bruder-Engelberg-30.10.2015-058.jpg\" rel=\"ilightbox[69f1f74d4f308]\"><img width=\"820\" height=\"490\" src=\"https:\/\/bankkultur.ch\/wp-content\/uploads\/2018\/07\/Hans-Peter-Bruder-Engelberg-30.10.2015-058-820x490.jpg\" class=\"attachment-post-thumbnail size-post-thumbnail\" alt=\"\" loading=\"lazy\" \/><\/a><figcaption>Engelberg (c) Hans-Peter Bruder<\/figcaption><\/figure><\/li>\n<li class=\"one_half cmsms_caption\">\n<figure><a href=\"https:\/\/bankkultur.ch\/wp-content\/uploads\/2018\/07\/Hans-Peter-Bruder-Fronalpstock.jpg\" rel=\"ilightbox[69f1f74d4f308]\"><img width=\"820\" height=\"490\" src=\"https:\/\/bankkultur.ch\/wp-content\/uploads\/2018\/07\/Hans-Peter-Bruder-Fronalpstock-820x490.jpg\" class=\"attachment-post-thumbnail size-post-thumbnail\" alt=\"\" loading=\"lazy\" srcset=\"https:\/\/bankkultur.ch\/wp-content\/uploads\/2018\/07\/Hans-Peter-Bruder-Fronalpstock-820x491.jpg 820w, https:\/\/bankkultur.ch\/wp-content\/uploads\/2018\/07\/Hans-Peter-Bruder-Fronalpstock-150x90.jpg 150w, https:\/\/bankkultur.ch\/wp-content\/uploads\/2018\/07\/Hans-Peter-Bruder-Fronalpstock-300x180.jpg 300w, https:\/\/bankkultur.ch\/wp-content\/uploads\/2018\/07\/Hans-Peter-Bruder-Fronalpstock-768x460.jpg 768w, https:\/\/bankkultur.ch\/wp-content\/uploads\/2018\/07\/Hans-Peter-Bruder-Fronalpstock-1024x613.jpg 1024w, https:\/\/bankkultur.ch\/wp-content\/uploads\/2018\/07\/Hans-Peter-Bruder-Fronalpstock-580x347.jpg 580w, https:\/\/bankkultur.ch\/wp-content\/uploads\/2018\/07\/Hans-Peter-Bruder-Fronalpstock-1160x695.jpg 1160w\" sizes=\"(max-width: 820px) 100vw, 820px\" \/><\/a><figcaption>Fronalpstock (c) Hans-Peter Bruder<\/figcaption><\/figure><\/li>\n<li class=\"one_half cmsms_caption\">\n<figure><a href=\"https:\/\/bankkultur.ch\/wp-content\/uploads\/2018\/07\/Hans-Peter_Bruder-unterhalb-vom-Wildspitz-mit-Ausblick-auf-den-Lauerzersee.jpg\" rel=\"ilightbox[69f1f74d4f308]\"><img width=\"820\" height=\"490\" src=\"https:\/\/bankkultur.ch\/wp-content\/uploads\/2018\/07\/Hans-Peter_Bruder-unterhalb-vom-Wildspitz-mit-Ausblick-auf-den-Lauerzersee-820x490.jpg\" class=\"attachment-post-thumbnail size-post-thumbnail\" alt=\"\" loading=\"lazy\" \/><\/a><figcaption>Unterhalb von Wildspitz mit Ausblick auf Lauerzersee (c) Hans-Peter Bruder<\/figcaption><\/figure><\/li>\n<li class=\"one_half cmsms_caption\">\n<figure><a href=\"https:\/\/bankkultur.ch\/wp-content\/uploads\/2018\/07\/Hans-Peter_Bruder_\u00abLehnenweg\u00bb-am-Vierwaldst\u00e4ttersee-an-Rigih\u00e4ngen_Immensee-Gersau2.jpg\" rel=\"ilightbox[69f1f74d4f308]\"><img width=\"820\" height=\"490\" src=\"https:\/\/bankkultur.ch\/wp-content\/uploads\/2018\/07\/Hans-Peter_Bruder_\u00abLehnenweg\u00bb-am-Vierwaldst\u00e4ttersee-an-Rigih\u00e4ngen_Immensee-Gersau2-820x490.jpg\" class=\"attachment-post-thumbnail size-post-thumbnail\" alt=\"\" loading=\"lazy\" \/><\/a><figcaption>\"Lehnenweg\" am Vierwaldst\u00e4ttersee an Rigih\u00e4ngen_Immensee_Gersau_1 (c) Hans-Peter Bruder<\/figcaption><\/figure><\/li>\n<li class=\"one_half cmsms_caption\">\n<figure><a href=\"https:\/\/bankkultur.ch\/wp-content\/uploads\/2018\/07\/Hans-Peter_Bruder_\u00abLehnenweg\u00bb-am-Vierwaldst\u00e4ttersee-an-Rigih\u00e4ngen_Immensee-Gersau4.jpg\" rel=\"ilightbox[69f1f74d4f308]\"><img width=\"820\" height=\"490\" src=\"https:\/\/bankkultur.ch\/wp-content\/uploads\/2018\/07\/Hans-Peter_Bruder_\u00abLehnenweg\u00bb-am-Vierwaldst\u00e4ttersee-an-Rigih\u00e4ngen_Immensee-Gersau4-820x490.jpg\" class=\"attachment-post-thumbnail size-post-thumbnail\" alt=\"\" loading=\"lazy\" \/><\/a><figcaption>\"Lehnenweg\" am Vierwaldst\u00e4ttersee an Rigih\u00e4ngen_Immensee_Gersau (c) Hans-Peter Bruder<\/figcaption><\/figure><\/li>\n<li class=\"one_half cmsms_caption\">\n<figure><a href=\"https:\/\/bankkultur.ch\/wp-content\/uploads\/2018\/07\/Hans-Peter_Bruder_Eggberge.jpg\" rel=\"ilightbox[69f1f74d4f308]\"><img width=\"820\" height=\"490\" src=\"https:\/\/bankkultur.ch\/wp-content\/uploads\/2018\/07\/Hans-Peter_Bruder_Eggberge-820x490.jpg\" class=\"attachment-post-thumbnail size-post-thumbnail\" alt=\"\" loading=\"lazy\" \/><\/a><figcaption>Eggberge (c) Hans-Peter Bruder<\/figcaption><\/figure><\/li>\n<li class=\"one_half cmsms_caption\">\n<figure><a href=\"https:\/\/bankkultur.ch\/wp-content\/uploads\/2018\/07\/Hans-Peter_Bruder_Panoramaweg_Aegerital2.jpg\" rel=\"ilightbox[69f1f74d4f308]\"><img width=\"820\" height=\"490\" src=\"https:\/\/bankkultur.ch\/wp-content\/uploads\/2018\/07\/Hans-Peter_Bruder_Panoramaweg_Aegerital2-820x490.jpg\" class=\"attachment-post-thumbnail size-post-thumbnail\" alt=\"\" loading=\"lazy\" \/><\/a><figcaption>Panoramweg Aegerital2 (c) Hans-Peter Bruder<\/figcaption><\/figure><\/li>\n<li class=\"one_half cmsms_caption\">\n<figure><a href=\"https:\/\/bankkultur.ch\/wp-content\/uploads\/2018\/07\/Hans-Peter_Bruder_Panoramaweg_Aegerital3.jpg\" rel=\"ilightbox[69f1f74d4f308]\"><img width=\"820\" height=\"490\" src=\"https:\/\/bankkultur.ch\/wp-content\/uploads\/2018\/07\/Hans-Peter_Bruder_Panoramaweg_Aegerital3-820x490.jpg\" class=\"attachment-post-thumbnail size-post-thumbnail\" alt=\"\" loading=\"lazy\" \/><\/a><figcaption>Panoramweg Aegerital_3 (c) Hans-Peter Bruder<\/figcaption><\/figure><\/li>\n<li class=\"one_half cmsms_caption\">\n<figure><a href=\"https:\/\/bankkultur.ch\/wp-content\/uploads\/2018\/07\/Mostelberg-Hochst\u00fcckli-Mostelberg-mit-FSK-27.09.2014-059.jpg\" rel=\"ilightbox[69f1f74d4f308]\"><img width=\"820\" height=\"490\" src=\"https:\/\/bankkultur.ch\/wp-content\/uploads\/2018\/07\/Mostelberg-Hochst\u00fcckli-Mostelberg-mit-FSK-27.09.2014-059-820x490.jpg\" class=\"attachment-post-thumbnail size-post-thumbnail\" alt=\"\" loading=\"lazy\" \/><\/a><figcaption>Mostelberg-Hochst\u00fcckli Panoramweg Aegerital2 (c) Hans-Peter Bruder<\/figcaption><\/figure><\/li>\n<li class=\"one_half cmsms_caption\">\n<figure><a href=\"https:\/\/bankkultur.ch\/wp-content\/uploads\/2018\/07\/Renate_Albrecher_Gipfelbank-am-Nirement_FR.jpg\" rel=\"ilightbox[69f1f74d4f308]\"><img width=\"820\" height=\"490\" src=\"https:\/\/bankkultur.ch\/wp-content\/uploads\/2018\/07\/Renate_Albrecher_Gipfelbank-am-Nirement_FR-820x490.jpg\" class=\"attachment-post-thumbnail size-post-thumbnail\" alt=\"\" loading=\"lazy\" \/><\/a><figcaption>Gipfelbank am Nirement_FR (c) Renate Albrecher<\/figcaption><\/figure><\/li>\n<li class=\"one_half cmsms_caption\">\n<figure><a href=\"https:\/\/bankkultur.ch\/wp-content\/uploads\/2018\/07\/Renate_Albrecher_Neuch\u00e0tel.jpg\" rel=\"ilightbox[69f1f74d4f308]\"><img width=\"820\" height=\"490\" src=\"https:\/\/bankkultur.ch\/wp-content\/uploads\/2018\/07\/Renate_Albrecher_Neuch\u00e0tel-820x490.jpg\" class=\"attachment-post-thumbnail size-post-thumbnail\" alt=\"\" loading=\"lazy\" \/><\/a><figcaption>Neuch\u00e2tel (c) Renate Albrecher<\/figcaption><\/figure><\/li>\n<li class=\"one_half cmsms_caption\">\n<figure><a href=\"https:\/\/bankkultur.ch\/wp-content\/uploads\/2018\/07\/Renate_Albrecher_Picknick-Bank-im-Weltkulturerbe_Lavaux_VD.jpg\" rel=\"ilightbox[69f1f74d4f308]\"><img width=\"820\" height=\"490\" src=\"https:\/\/bankkultur.ch\/wp-content\/uploads\/2018\/07\/Renate_Albrecher_Picknick-Bank-im-Weltkulturerbe_Lavaux_VD-820x490.jpg\" class=\"attachment-post-thumbnail size-post-thumbnail\" alt=\"\" loading=\"lazy\" \/><\/a><figcaption>Picknick-Bank im Weltkulturerbe Lavaux VD (c) Renate Albrecher<\/figcaption><\/figure><\/li>\n<li class=\"one_half cmsms_caption\">\n<figure><a href=\"https:\/\/bankkultur.ch\/wp-content\/uploads\/2018\/07\/Renate_Albrecher_Venthone_VS_Blick-\u00fcbers-Rhonetal-bei-Sierre-.jpg\" rel=\"ilightbox[69f1f74d4f308]\"><img width=\"820\" height=\"490\" src=\"https:\/\/bankkultur.ch\/wp-content\/uploads\/2018\/07\/Renate_Albrecher_Venthone_VS_Blick-\u00fcbers-Rhonetal-bei-Sierre--820x490.jpg\" class=\"attachment-post-thumbnail size-post-thumbnail\" alt=\"\" loading=\"lazy\" \/><\/a><figcaption>Venthone - Blick \u00fcber das Rhonetal bei Sierre (c) Renate Albrecher<\/figcaption><\/figure><\/li>\n<li class=\"one_half cmsms_caption\">\n<figure><a href=\"https:\/\/bankkultur.ch\/wp-content\/uploads\/2018\/07\/\u200eRuth-Zaugg-Wiedmer\u200e_auf_Maennlichen-Blick-auf-Eiger-u.-viele-Berge.jpg\" rel=\"ilightbox[69f1f74d4f308]\"><img width=\"820\" height=\"490\" src=\"https:\/\/bankkultur.ch\/wp-content\/uploads\/2018\/07\/\u200eRuth-Zaugg-Wiedmer\u200e_auf_Maennlichen-Blick-auf-Eiger-u.-viele-Berge-820x490.jpg\" class=\"attachment-post-thumbnail size-post-thumbnail\" alt=\"\" loading=\"lazy\" \/><\/a><figcaption>Auf dem M\u00e4nnlichen, B\u00e4nkli hat Blick zum Eiger (c) Ruth Zaugg-Wiedmer<\/figcaption><\/figure><\/li>\n<li class=\"one_half cmsms_caption\">\n<figure><a href=\"https:\/\/bankkultur.ch\/wp-content\/uploads\/2018\/07\/\u200eRuth-Zaugg-Wiedmer\u200e_Brienzer_See-in-Privatgarten-mit-Blick-auf-See.jpg\" rel=\"ilightbox[69f1f74d4f308]\"><img width=\"820\" height=\"490\" src=\"https:\/\/bankkultur.ch\/wp-content\/uploads\/2018\/07\/\u200eRuth-Zaugg-Wiedmer\u200e_Brienzer_See-in-Privatgarten-mit-Blick-auf-See-820x490.jpg\" class=\"attachment-post-thumbnail size-post-thumbnail\" alt=\"\" loading=\"lazy\" \/><\/a><figcaption>Brienzer See in Privatgarten mit Blick auf See  (c) Ruth Zaugg-Wiedmer<\/figcaption><\/figure><\/li>\n<li class=\"one_half cmsms_caption\">\n<figure><a href=\"https:\/\/bankkultur.ch\/wp-content\/uploads\/2018\/07\/\u200eRuth-Zaugg-Wiedmer\u200e_Gemeinde_Hindelbank.jpg\" rel=\"ilightbox[69f1f74d4f308]\"><img width=\"820\" height=\"490\" src=\"https:\/\/bankkultur.ch\/wp-content\/uploads\/2018\/07\/\u200eRuth-Zaugg-Wiedmer\u200e_Gemeinde_Hindelbank-820x490.jpg\" class=\"attachment-post-thumbnail size-post-thumbnail\" alt=\"\" loading=\"lazy\" \/><\/a><figcaption>Gemeinde Hindelbank  (c) Ruth Zaugg-Wiedmer<\/figcaption><\/figure><\/li>\n<li class=\"one_half cmsms_caption\">\n<figure><a href=\"https:\/\/bankkultur.ch\/wp-content\/uploads\/2018\/07\/Verena-Vieser-Schwellisee_Arosa.jpg\" rel=\"ilightbox[69f1f74d4f308]\"><img width=\"820\" height=\"490\" src=\"https:\/\/bankkultur.ch\/wp-content\/uploads\/2018\/07\/Verena-Vieser-Schwellisee_Arosa-820x490.jpg\" class=\"attachment-post-thumbnail size-post-thumbnail\" alt=\"\" loading=\"lazy\" \/><\/a><figcaption>Schwellisee Arosa (c) Verena Vieser<\/figcaption><\/figure><\/li>\n<li class=\"one_half cmsms_caption\">\n<figure><a href=\"https:\/\/bankkultur.ch\/wp-content\/uploads\/2018\/07\/Renate_Albrecher_Niremont_FR_Blick-Richtung-Jura.jpg\" rel=\"ilightbox[69f1f74d4f308]\"><img width=\"820\" height=\"490\" src=\"https:\/\/bankkultur.ch\/wp-content\/uploads\/2018\/07\/Renate_Albrecher_Niremont_FR_Blick-Richtung-Jura-820x490.jpg\" class=\"attachment-post-thumbnail size-post-thumbnail\" alt=\"\" loading=\"lazy\" \/><\/a><figcaption>Niremont FR Blickrichtung Jura letzte Sonnenstrahlen 2016, (c) Renate Albrecher<\/figcaption><\/figure><\/li>\n<li class=\"one_half cmsms_caption\">\n<figure><a href=\"https:\/\/bankkultur.ch\/wp-content\/uploads\/2018\/07\/Verena-Vieser-Langwies-Viadukt-GR.jpg\" rel=\"ilightbox[69f1f74d4f308]\"><img width=\"820\" height=\"490\" src=\"https:\/\/bankkultur.ch\/wp-content\/uploads\/2018\/07\/Verena-Vieser-Langwies-Viadukt-GR-820x490.jpg\" class=\"attachment-post-thumbnail size-post-thumbnail\" alt=\"\" loading=\"lazy\" \/><\/a><figcaption>Langwies Viadukt aus B\u00e4nkli-Sicht (c) Verena Vieser<\/figcaption><\/figure><\/li>\n<li class=\"one_half cmsms_caption\">\n<figure><a href=\"https:\/\/bankkultur.ch\/wp-content\/uploads\/2018\/07\/Verena-Vieser-Lenzsee_Lenzerheide.jpg\" rel=\"ilightbox[69f1f74d4f308]\"><img width=\"820\" height=\"490\" src=\"https:\/\/bankkultur.ch\/wp-content\/uploads\/2018\/07\/Verena-Vieser-Lenzsee_Lenzerheide-820x490.jpg\" class=\"attachment-post-thumbnail size-post-thumbnail\" alt=\"\" loading=\"lazy\" \/><\/a><figcaption>Lenzsee_Lenzerheide (c) Verena Vieser<\/figcaption><\/figure><\/li>\n<li class=\"one_half cmsms_caption\">\n<figure><a href=\"https:\/\/bankkultur.ch\/wp-content\/uploads\/2018\/07\/Verena-Vieser-Oeschinensee_Kandersteg.jpg\" rel=\"ilightbox[69f1f74d4f308]\"><img width=\"820\" height=\"490\" src=\"https:\/\/bankkultur.ch\/wp-content\/uploads\/2018\/07\/Verena-Vieser-Oeschinensee_Kandersteg-820x490.jpg\" class=\"attachment-post-thumbnail size-post-thumbnail\" alt=\"\" loading=\"lazy\" \/><\/a><figcaption>Oeschinensee Kandersteg (c) Verena Vieser<\/figcaption><\/figure><\/li>\n<li class=\"one_half cmsms_caption\">\n<figure><a href=\"https:\/\/bankkultur.ch\/wp-content\/uploads\/2018\/07\/Verena-Vieser-Schwellisee_Arosa-1.jpg\" rel=\"ilightbox[69f1f74d4f308]\"><img width=\"820\" height=\"490\" src=\"https:\/\/bankkultur.ch\/wp-content\/uploads\/2018\/07\/Verena-Vieser-Schwellisee_Arosa-1-820x490.jpg\" class=\"attachment-post-thumbnail size-post-thumbnail\" alt=\"\" loading=\"lazy\" \/><\/a><figcaption>Schwellisee Arosa (c) Verena Vieser<\/figcaption><\/figure><\/li>\n<li class=\"one_half cmsms_caption\">\n<figure><a href=\"https:\/\/bankkultur.ch\/wp-content\/uploads\/2018\/07\/Renate-Albrecher_Dent-de-Vaulions_VD-RichtungGenfersee.jpg\" rel=\"ilightbox[69f1f74d4f308]\"><img width=\"820\" height=\"490\" src=\"https:\/\/bankkultur.ch\/wp-content\/uploads\/2018\/07\/Renate-Albrecher_Dent-de-Vaulions_VD-RichtungGenfersee-820x490.jpg\" class=\"attachment-post-thumbnail size-post-thumbnail\" alt=\"\" loading=\"lazy\" \/><\/a><figcaption>Dent de Vaulions VD,Blick Richtung Genfersee (c) Renate Albrecher<\/figcaption><\/figure><\/li>\n<li class=\"one_half cmsms_caption\">\n<figure><a href=\"https:\/\/bankkultur.ch\/wp-content\/uploads\/2018\/07\/Verena-Vieser-Zugersee_Promenade.jpg\" rel=\"ilightbox[69f1f74d4f308]\"><img width=\"820\" height=\"490\" src=\"https:\/\/bankkultur.ch\/wp-content\/uploads\/2018\/07\/Verena-Vieser-Zugersee_Promenade-820x490.jpg\" class=\"attachment-post-thumbnail size-post-thumbnail\" alt=\"\" loading=\"lazy\" \/><\/a><figcaption>Zugersee Promenade (c) Verena Vieser<\/figcaption><\/figure><\/li>\n<li class=\"one_half cmsms_caption\">\n<figure><a href=\"https:\/\/bankkultur.ch\/wp-content\/uploads\/2019\/01\/Bruno-Ziegler-Nebelbank-auf-Rigi-Staffelhoehe.jpeg\" rel=\"ilightbox[69f1f74d4f308]\"><img width=\"820\" height=\"490\" src=\"https:\/\/bankkultur.ch\/wp-content\/uploads\/2019\/01\/Bruno-Ziegler-Nebelbank-auf-Rigi-Staffelhoehe-820x490.jpeg\" class=\"attachment-post-thumbnail size-post-thumbnail\" alt=\"\" loading=\"lazy\" \/><\/a><figcaption>Bruno Ziegler - Nebelbank auf Rigi Staffelhoehe<\/figcaption><\/figure><\/li>\n<\/ul>\n<\/div>\n<\/div>\n<\/div>\n<\/div>\n<\/div>\n<\/div>\n<\/div>\n\n","protected":false},"excerpt":{"rendered":"","protected":false},"author":1,"featured_media":0,"parent":1747,"menu_order":0,"comment_status":"closed","ping_status":"closed","template":"","meta":{"_et_pb_use_builder":"","_et_pb_old_content":"","_et_gb_content_width":"","_monsterinsights_skip_tracking":false,"_monsterinsights_sitenote_active":false,"_monsterinsights_sitenote_note":"","_monsterinsights_sitenote_category":0},"yoast_head":"<!-- This site is optimized with the Yoast SEO plugin v16.2 - https:\/\/yoast.com\/wordpress\/plugins\/seo\/ -->\n<title>Fotos f\u00fcr Medien, Pressemitteilungen<\/title>\n<meta name=\"description\" content=\"Nur f\u00fcr Medien\" \/>\n<meta name=\"robots\" content=\"index, follow, max-snippet:-1, max-image-preview:large, max-video-preview:-1\" \/>\n<link rel=\"canonical\" href=\"https:\/\/bankkultur.ch\/fr\/de\/medien\/medienordner\/\" \/>\n<meta property=\"og:locale\" content=\"de_DE\" \/>\n<meta property=\"og:type\" content=\"article\" \/>\n<meta property=\"og:title\" content=\"Fotos f\u00fcr Medien, Pressemitteilungen\" \/>\n<meta property=\"og:description\" content=\"Nur f\u00fcr Medien\" \/>\n<meta property=\"og:url\" content=\"https:\/\/bankkultur.ch\/fr\/de\/medien\/medienordner\/\" \/>\n<meta property=\"og:site_name\" content=\"Bankkultur\" \/>\n<meta property=\"article:publisher\" content=\"http:\/\/www.facebook.com\/bankkultur\" \/>\n<meta property=\"article:modified_time\" content=\"2019-04-24T23:10:54+00:00\" \/>\n<meta name=\"twitter:card\" content=\"summary\" \/>\n<meta name=\"twitter:site\" content=\"@bankgeheimnisse\" \/>\n<meta name=\"twitter:label1\" content=\"Gesch\u00e4tzte Lesezeit\">\n\t<meta name=\"twitter:data1\" content=\"4\u00a0Minuten\">\n<script type=\"application\/ld+json\" class=\"yoast-schema-graph\">{\"@context\":\"https:\/\/schema.org\",\"@graph\":[{\"@type\":\"Organization\",\"@id\":\"https:\/\/bankkultur.ch\/fr\/fr\/accueil\/#organization\",\"name\":\"Verein zur F\\u00f6rderung der Schweizer Bankkultur\",\"url\":\"https:\/\/bankkultur.ch\/fr\/fr\/accueil\/\",\"sameAs\":[\"http:\/\/www.facebook.com\/bankkultur\",\"http:\/\/instagram.com\/bankgeheimnisse\",\"https:\/\/twitter.com\/bankgeheimnisse\"],\"logo\":{\"@type\":\"ImageObject\",\"@id\":\"https:\/\/bankkultur.ch\/fr\/fr\/accueil\/#logo\",\"inLanguage\":\"de\",\"url\":\"http:\/\/bankkultur.ch\/wp-content\/uploads\/2017\/03\/cropped-Logo-Feb.2017-Icon.jpg\",\"contentUrl\":\"http:\/\/bankkultur.ch\/wp-content\/uploads\/2017\/03\/cropped-Logo-Feb.2017-Icon.jpg\",\"width\":512,\"height\":512,\"caption\":\"Verein zur F\\u00f6rderung der Schweizer Bankkultur\"},\"image\":{\"@id\":\"https:\/\/bankkultur.ch\/fr\/fr\/accueil\/#logo\"}},{\"@type\":\"WebSite\",\"@id\":\"https:\/\/bankkultur.ch\/fr\/fr\/accueil\/#website\",\"url\":\"https:\/\/bankkultur.ch\/fr\/fr\/accueil\/\",\"name\":\"Bankkultur\",\"description\":\"Verein zur F\\u00f6rderung der Schweizer Bankkultur\",\"publisher\":{\"@id\":\"https:\/\/bankkultur.ch\/fr\/fr\/accueil\/#organization\"},\"potentialAction\":[{\"@type\":\"SearchAction\",\"target\":\"https:\/\/bankkultur.ch\/fr\/fr\/accueil\/?s={search_term_string}\",\"query-input\":\"required name=search_term_string\"}],\"inLanguage\":\"de\"},{\"@type\":\"WebPage\",\"@id\":\"https:\/\/bankkultur.ch\/fr\/de\/medien\/medienordner\/#webpage\",\"url\":\"https:\/\/bankkultur.ch\/fr\/de\/medien\/medienordner\/\",\"name\":\"Fotos f\\u00fcr Medien, Pressemitteilungen\",\"isPartOf\":{\"@id\":\"https:\/\/bankkultur.ch\/fr\/fr\/accueil\/#website\"},\"datePublished\":\"2018-07-24T12:40:23+00:00\",\"dateModified\":\"2019-04-24T23:10:54+00:00\",\"description\":\"Nur f\\u00fcr Medien\",\"breadcrumb\":{\"@id\":\"https:\/\/bankkultur.ch\/fr\/de\/medien\/medienordner\/#breadcrumb\"},\"inLanguage\":\"de\",\"potentialAction\":[{\"@type\":\"ReadAction\",\"target\":[\"https:\/\/bankkultur.ch\/fr\/de\/medien\/medienordner\/\"]}]},{\"@type\":\"BreadcrumbList\",\"@id\":\"https:\/\/bankkultur.ch\/fr\/de\/medien\/medienordner\/#breadcrumb\",\"itemListElement\":[{\"@type\":\"ListItem\",\"position\":1,\"item\":{\"@type\":\"WebPage\",\"@id\":\"https:\/\/bankkultur.ch\/de\/fr\/verein\/\",\"url\":\"https:\/\/bankkultur.ch\/de\/fr\/verein\/\",\"name\":\"Accueil\"}},{\"@type\":\"ListItem\",\"position\":2,\"item\":{\"@type\":\"WebPage\",\"@id\":\"https:\/\/bankkultur.ch\/fr\/de\/medien\/\",\"url\":\"https:\/\/bankkultur.ch\/fr\/de\/medien\/\",\"name\":\"Medienspiegel\"}},{\"@type\":\"ListItem\",\"position\":3,\"item\":{\"@id\":\"https:\/\/bankkultur.ch\/fr\/de\/medien\/medienordner\/#webpage\"}}]}]}<\/script>\n<!-- \/ Yoast SEO plugin. -->","_links":{"self":[{"href":"https:\/\/bankkultur.ch\/fr\/wp-json\/wp\/v2\/pages\/2138"}],"collection":[{"href":"https:\/\/bankkultur.ch\/fr\/wp-json\/wp\/v2\/pages"}],"about":[{"href":"https:\/\/bankkultur.ch\/fr\/wp-json\/wp\/v2\/types\/page"}],"author":[{"embeddable":true,"href":"https:\/\/bankkultur.ch\/fr\/wp-json\/wp\/v2\/users\/1"}],"replies":[{"embeddable":true,"href":"https:\/\/bankkultur.ch\/fr\/wp-json\/wp\/v2\/comments?post=2138"}],"version-history":[{"count":40,"href":"https:\/\/bankkultur.ch\/fr\/wp-json\/wp\/v2\/pages\/2138\/revisions"}],"predecessor-version":[{"id":2946,"href":"https:\/\/bankkultur.ch\/fr\/wp-json\/wp\/v2\/pages\/2138\/revisions\/2946"}],"up":[{"embeddable":true,"href":"https:\/\/bankkultur.ch\/fr\/wp-json\/wp\/v2\/pages\/1747"}],"wp:attachment":[{"href":"https:\/\/bankkultur.ch\/fr\/wp-json\/wp\/v2\/media?parent=2138"}],"curies":[{"name":"wp","href":"https:\/\/api.w.org\/{rel}","templated":true}]}}