{"id":1783,"date":"2018-06-21T17:42:32","date_gmt":"2018-06-21T15:42:32","guid":{"rendered":"https:\/\/bankkultur.ch\/?page_id=1783"},"modified":"2021-05-16T19:12:53","modified_gmt":"2021-05-16T17:12:53","slug":"medias","status":"publish","type":"page","link":"https:\/\/bankkultur.ch\/fr\/fr\/medias\/","title":{"rendered":"Media-Archive"},"content":{"rendered":"<style type=\"text\/css\"> \n#cmsms_row_69f1e4750175f { \n\tbackground-image: url(https:\/\/bankkultur.ch\/wp-content\/uploads\/2018\/08\/2018-07-13_on-en-parle_standard_sequence-mp3-image.png); \n\tbackground-position: top center; \n\tbackground-repeat: no-repeat; \n\tbackground-attachment: fixed; \n\tbackground-size: cover; \n} \n\n#cmsms_row_69f1e4750175f .cmsms_row_outer_parent { \n\tpadding-top: 200px; \n} \n\n#cmsms_row_69f1e4750175f .cmsms_row_outer_parent { \n\tpadding-bottom: 250px; \n} \n\n \n#cmsms_row_69f1e47502525 .cmsms_row_outer_parent { \n\tpadding-top: 0px; \n} \n\n#cmsms_row_69f1e47502525 .cmsms_row_outer_parent { \n\tpadding-bottom: 50px; \n} \n\n \n#cmsms_row_69f1e47502778 .cmsms_row_outer_parent { \n\tpadding-top: 0px; \n} \n\n#cmsms_row_69f1e47502778 .cmsms_row_outer_parent { \n\tpadding-bottom: 50px; \n} \n\n \n#cmsms_divider_69f1e475032b9 { \n\tpadding-top:50px; \n\tmargin-bottom:50px; \n} \n \n#cmsms_divider_69f1e475040c9 { \n\tpadding-top:50px; \n\tmargin-bottom:50px; \n} \n \n#cmsms_row_69f1e47504547 .cmsms_row_outer_parent { \n\tpadding-top: 0px; \n} \n\n#cmsms_row_69f1e47504547 .cmsms_row_outer_parent { \n\tpadding-bottom: 50px; \n} \n\n \n#cmsms_divider_69f1e47504685 { \n\tpadding-top:50px; \n\tmargin-bottom:50px; \n} \n \n#cmsms_row_69f1e475046ba .cmsms_row_outer_parent { \n\tpadding-top: 0px; \n} \n\n#cmsms_row_69f1e475046ba .cmsms_row_outer_parent { \n\tpadding-bottom: 50px; \n} \n\n<\/style><div id=\"cmsms_row_69f1e4750175f\" class=\"cmsms_row cmsms_color_scheme_default\">\n<div class=\"cmsms_row_outer_parent\">\n<div class=\"cmsms_row_outer\">\n<div class=\"cmsms_row_inner\">\n<div class=\"cmsms_row_margin\">\n<div class=\"cmsms_column two_third\">\n<div class=\"custom_html\">\n<div style=\"background-color: white; opacity: 0.7; padding-top: 5px; padding-bottom:1px; padding-left:5px; padding-right: 5px; \">\n<h1 style=\"white-space: normal;\n    font-size: 40px;\n    line-height: 40px;\n    font-weight: 300;\n    color: rgb(10, 10, 10);\n    font-family: Roboto;\n    visibility: inherit;\n    transition: none;\n    letter-spacing: 0px;\">L'Association Bankkultur dans les medias<\/h1>\n<\/div>\n<\/div>\n<\/div>\n<div class=\"cmsms_column one_third\">\n<\/div>\n<\/div>\n<\/div>\n<\/div>\n<\/div>\n<\/div>\n<div id=\"cmsms_row_69f1e47502525\" class=\"cmsms_row cmsms_color_scheme_default\">\n<div class=\"cmsms_row_outer_parent\">\n<div class=\"cmsms_row_outer\">\n<div class=\"cmsms_row_inner\">\n<div class=\"cmsms_row_margin\">\n<div class=\"cmsms_column two_third\">\n<div class=\"cmsms_text\">\n<h1><\/h1>\n<h1><\/h1>\n<h1><strong>L&#8217;Association Bankkultur dans les media suisses<\/strong><\/h1>\n<\/div>\n<\/div>\n<div class=\"cmsms_column one_third\">\n<div class=\"cmsms_text\">\n<p style=\"text-align: right;\"><a href=\"https:\/\/bankkultur.ch\/de\/medien\/medienordner\/\" target=\"_blank\" rel=\"noopener noreferrer\">Voici des documents et photos pour les m\u00e9dias<\/a><\/p>\n<\/div>\n<\/div>\n<\/div>\n<\/div>\n<\/div>\n<\/div>\n<\/div>\n<div id=\"cmsms_row_69f1e47502778\" class=\"cmsms_row cmsms_color_scheme_default\">\n<div class=\"cmsms_row_outer_parent\">\n<div class=\"cmsms_row_outer\">\n<div class=\"cmsms_row_inner\">\n<div class=\"cmsms_row_margin\">\n<div class=\"cmsms_column one_half\">\n<div class=\"cmsms_text\">\n<h2>En allemand<\/h2>\n<h3><strong>Quelques highlights<\/strong><\/h3>\n<p><strong><a href=\"https:\/\/bankkultur.ch\/wp-content\/uploads\/2019\/07\/2019-05-08-GlarnerWoche-Titelseite-u.-2-3.pdf\" target=\"_blank\" rel=\"noopener noreferrer\">Glarner Woche, 2019-05-08<\/a><\/strong> &#8211; la Une et interview page 2 et 3 &#8220;<strong>Die Vorsitzerin &#8211; Wie Renate Albrecher die Schweizer Bankkultur pflegt<\/strong>&#8221;<\/p>\n<p><strong><a href=\"https:\/\/bankkultur.ch\/wp-content\/uploads\/2018\/07\/2018-07-23-Migros_Magazin-print_art.pdf\" target=\"_blank\" rel=\"noopener noreferrer\">Migros-Magazin, 2018-07-23<\/a>\u00a0\u00a0&#8211;<\/strong> la Une et l&#8217;article pages 10-13<strong> &#8220;Sch\u00e4tze einer B\u00e4nkli-Direktorin&#8221;<\/strong><\/p>\n<p><strong><a href=\"https:\/\/bankkultur.ch\/wp-content\/uploads\/2018\/07\/2018-07-05-SchweizerFamilie.pdf\">Schweizer Familie, 2018-07-05<\/a>\u00a0&#8220;Das Bankgeheimnis ist abgeschafft&#8221;,<\/strong> Art. von Marianne Fehr<\/p>\n<p><strong>Radio24, 2018-09-03<\/strong> &#8211;\u00a0\u00a0<a href=\"https:\/\/www.radio24.ch\/shows\/abig-show\/ufem-baenkli-mit-der-baenklipraesidentin-renate-albrecher-133049688\" target=\"_blank\" rel=\"noopener noreferrer\">Langversion online<\/a> &#8211; &#8220;Ufem B\u00e4nkli mit &#8211; einer B\u00e4nkli-Pr\u00e4sidentin&#8221; &#8211; Maximilian Baumann invite Renate Albrecher sur un banc<br \/>\nKurzversion onair:<\/p>\n<p><!--[if lt IE 9]><script>document.createElement('audio');<\/script><![endif]-->\n<audio class=\"wp-audio-shortcode\" id=\"audio-1783-1\" preload=\"none\" style=\"width: 100%;\" controls=\"controls\"><source type=\"audio\/mpeg\" src=\"https:\/\/bankkultur.ch\/wp-content\/uploads\/2018\/09\/2018-09-03-Radio24-Ufem-Baenkli-mit-einer-Baenkli-Praesidentin.mp3?_=1\" \/><a href=\"https:\/\/bankkultur.ch\/wp-content\/uploads\/2018\/09\/2018-09-03-Radio24-Ufem-Baenkli-mit-einer-Baenkli-Praesidentin.mp3\">https:\/\/bankkultur.ch\/wp-content\/uploads\/2018\/09\/2018-09-03-Radio24-Ufem-Baenkli-mit-einer-Baenkli-Praesidentin.mp3<\/a><\/audio>\n<h6><a href=\"https:\/\/bankkultur.ch\/wp-content\/uploads\/2018\/07\/2018-07-23-Migros_Magazin-print_art.pdf\"><img loading=\"lazy\" class=\"alignnone size-full wp-image-3054\" src=\"https:\/\/bankkultur.ch\/wp-content\/uploads\/2019\/07\/2018-07-23-Migros-Magazin-LaUne-e1562061389907.jpg\" alt=\"Migros Magazin Albrecher Bankkultur\" width=\"800\" height=\"855\" \/><\/a><\/h6>\n<h3><\/h3>\n<\/div>\n<div id=\"cmsms_divider_69f1e475032b9\" class=\"cmsms_divider solid\"><\/div>\n<div class=\"cmsms_text\">\n<h3>Le chronologie des autres pr\u00e9sences m\u00e9dias du Verein Bankkultur en allemand<\/h3>\n<p>2021-05-16 <a href=\"https:\/\/bankkultur.ch\/wp-content\/uploads\/2021\/05\/2021-05-16-Sonntagszeitung-print-Es-lebe-die-Bankgesellschaft.jpg\" target=\"_blank\" rel=\"noopener\">SonntagsZeitung<\/a> print: Es lebe die Bankgesellschaft<\/p>\n<p><a href=\"https:\/\/bankkultur.ch\/wp-content\/uploads\/2021\/05\/2021-05-16-Tagesanzeiger-Verweilen-im-oeffentlichen-Raum-\u2013-Die-Sitzbank-wird-zum-Superstar.pdf\">2021-05-16 Tagesanzeiger Verweilen im \u00f6ffentlichen Raum \u2013 Die Sitzbank wird zum Superstar<\/a><\/p>\n<p><a href=\"https:\/\/bankkultur.ch\/wp-content\/uploads\/2020\/03\/2020-03-25-Lang-lebe-das-B\u00e4nkli-_-Berner-Zeitung.pdf\" target=\"_blank\" rel=\"noopener noreferrer\">Berner Zeitung, 2020-03-25<\/a>: Lang lebe das B\u00e4nkli<\/p>\n<p>2020-03_<a href=\"https:\/\/bankkultur.ch\/wp-content\/uploads\/2020\/03\/2020-03_VCS-Magazin-S11-Flaneur-d-or.pdf\" target=\"_blank\" rel=\"noopener noreferrer\">VCS-Magazin<\/a> &#8211; S11 Flaneur-d-or<\/p>\n<p>2020-03_<a href=\"https:\/\/bankkultur.ch\/wp-content\/uploads\/2020\/03\/2020-03_direkt-Thurgau-Nr.-103-Seite-12-Bankkultur.pdf\" target=\"_blank\" rel=\"noopener noreferrer\">direkt Thurgau<\/a> Nr. 103 Seite 12 Bankkultur<\/p>\n<p>2019-09_15<a href=\"https:\/\/bankkultur.ch\/wp-content\/uploads\/2020\/03\/2019-09_15-Die-Gemeinde-Baenkli-Landkarte.pdf\" target=\"_blank\" rel=\"noopener noreferrer\"> Die Gemeinde<\/a> &#8211; Baenkli-Landkarte<\/p>\n<p><span style=\"font-family: Arial, Helvetica, 'Nimbus Sans L', sans-serif; font-size: 13px;\">2019 jan &#8211; d\u00e8c: 31 articles sur ce projet de l&#8217;ann\u00e9e 2019 se trouvent dans le <\/span><a style=\"font-family: Arial, Helvetica, 'Nimbus Sans L', sans-serif; font-size: 13px;\" href=\"https:\/\/wanderbank.ch\/medienspiegel\/\" target=\"_blank\" rel=\"noopener noreferrer\">Blog du Randobanc <\/a><span style=\"font-family: Arial, Helvetica, 'Nimbus Sans L', sans-serif; font-size: 13px;\">\u00a0<\/span><\/p>\n<p><a href=\"https:\/\/bankkultur.ch\/wp-content\/uploads\/2019\/07\/2019-05-31-Berner-Zeitung-Wanderbank-am-M\u00fchletag.pdf\" target=\"_blank\" rel=\"noopener noreferrer\">Berner Zeitung,\u00a02019-05-31<\/a>, &#8220;B\u00e4nkli sind eine Art analoges Instagram&#8221;<\/p>\n<p><a href=\"https:\/\/bankkultur.ch\/wp-content\/uploads\/2019\/07\/2019-05-28-Anzeiger-Burgdorf-DRegion-_-Schweizerischer-M\u00fchlentag.pdf\" target=\"_blank\" rel=\"noopener noreferrer\">Anzeiger Burgdorf D&#8217;Region<\/a>,\u00a02019-05-28, Schweizerischer M\u00fchlentag, die Wanderbank in der <a href=\"https:\/\/www.kulturmuehle.ch\/\" target=\"_blank\" rel=\"noopener noreferrer\">Kulturm\u00fchle L\u00fctzelfl\u00fch<\/a><\/p>\n<p><a href=\"https:\/\/bankkultur.ch\/wp-content\/uploads\/2019\/07\/2019-05-26-myswitzerland-en-ligne.pdf\" target=\"_blank\" rel=\"noopener noreferrer\">MySwitzerland, 2019-05-26<\/a>,\u00a0\u00abWanderbank 2019\u00bb auch in Elm unterwegs &#8211; Mitmachen und Gewinnen<\/p>\n<p>Life Channel, 2019-05-10, &#8220;<a href=\"https:\/\/lifechannel.ch\/leben\/genuss-kultur\/freizeit\/eine-sitzbank-auf-reisen\/\" target=\"_blank\" rel=\"noopener noreferrer\">Eine Bank auf Reisen<\/a>&#8221;<\/p>\n<p><a href=\"https:\/\/bankkultur.ch\/wp-content\/uploads\/2019\/07\/2019-05-07-Tessiner-Zeitung-Wanderbank.png\" target=\"_blank\" rel=\"noopener noreferrer\">Tessiner Zeitung, 2019-05-07<\/a>, &#8220;Die Schweizer und Ihr Bankgeheimnis&#8221;<\/p>\n<p><strong><a href=\"https:\/\/bankkultur.ch\/wp-content\/uploads\/2019\/07\/2019-05-08-GlarnerWoche-Titelseite-u.-2-3.pdf\" target=\"_blank\" rel=\"noopener noreferrer\">Glarner Woche, 2019-05-08<\/a><\/strong> &#8211; la Une et interview page 2 et 3 &#8220;<strong>Die Vorsitzerin &#8211; Wie Renate Albrecher die Schweizer Bankkultur pflegt<\/strong>&#8221;<\/p>\n<p><a href=\"https:\/\/bankkultur.ch\/wp-content\/uploads\/2019\/07\/2019-05-08-GlarnerWoche-Titelseite-u.-2-3.pdf\"><img loading=\"lazy\" class=\"alignnone wp-image-3058\" src=\"https:\/\/bankkultur.ch\/wp-content\/uploads\/2019\/07\/2019-05-08-GlarnerWoche_001_Front_coupe.jpg\" alt=\"\" width=\"351\" height=\"356\" srcset=\"https:\/\/bankkultur.ch\/wp-content\/uploads\/2019\/07\/2019-05-08-GlarnerWoche_001_Front_coupe.jpg 1301w, https:\/\/bankkultur.ch\/wp-content\/uploads\/2019\/07\/2019-05-08-GlarnerWoche_001_Front_coupe-148x150.jpg 148w, https:\/\/bankkultur.ch\/wp-content\/uploads\/2019\/07\/2019-05-08-GlarnerWoche_001_Front_coupe-296x300.jpg 296w, https:\/\/bankkultur.ch\/wp-content\/uploads\/2019\/07\/2019-05-08-GlarnerWoche_001_Front_coupe-768x779.jpg 768w, https:\/\/bankkultur.ch\/wp-content\/uploads\/2019\/07\/2019-05-08-GlarnerWoche_001_Front_coupe-1010x1024.jpg 1010w, https:\/\/bankkultur.ch\/wp-content\/uploads\/2019\/07\/2019-05-08-GlarnerWoche_001_Front_coupe-55x55.jpg 55w, https:\/\/bankkultur.ch\/wp-content\/uploads\/2019\/07\/2019-05-08-GlarnerWoche_001_Front_coupe-580x588.jpg 580w, https:\/\/bankkultur.ch\/wp-content\/uploads\/2019\/07\/2019-05-08-GlarnerWoche_001_Front_coupe-820x831.jpg 820w, https:\/\/bankkultur.ch\/wp-content\/uploads\/2019\/07\/2019-05-08-GlarnerWoche_001_Front_coupe-1160x1176.jpg 1160w, https:\/\/bankkultur.ch\/wp-content\/uploads\/2019\/07\/2019-05-08-GlarnerWoche_001_Front_coupe-150x152.jpg 150w\" sizes=\"(max-width: 351px) 100vw, 351px\" \/><\/a><\/p>\n<p><a href=\"https:\/\/www.fm1today.ch\/14000-bankgeheimnisse-gelueftet\/946164\" target=\"_blank\" rel=\"noopener noreferrer\">\u00a0FM1today<\/a>\u00a0&#8211; <a href=\"https:\/\/bankkultur.ch\/wp-content\/uploads\/2019\/04\/2019-02-09-FM1today.pdf\" target=\"_blank\" rel=\"noopener noreferrer\">14\u2019000 \u00abBankgeheimnisse\u00bb gel\u00fcftet <\/a>&#8211; <a href=\"https:\/\/bankkultur.ch\/wp-content\/uploads\/2019\/04\/2019-02-09-FM1_umfrage_Res.04-19.jpg\" target=\"_blank\" rel=\"noopener noreferrer\">Umfrage<\/a> &#8211; 9.2.2019<\/p>\n<p>Zuger Zeitung &#8211; <a href=\"https:\/\/bankkultur.ch\/wp-content\/uploads\/2019\/04\/2019-02-04-ZugerZeitung.jpg\" target=\"_blank\" rel=\"noopener noreferrer\">Zug besteht die B\u00e4nkli-Challenge 2018<\/a> &#8211; 4.2.2019<\/p>\n<p><a href=\"https:\/\/bankkultur.ch\/wp-content\/uploads\/2019\/04\/2019-02-04-ZugerZeitung.jpg\"><img loading=\"lazy\" class=\"alignnone wp-image-3072\" src=\"https:\/\/bankkultur.ch\/wp-content\/uploads\/2019\/07\/2019-02-04-ZugerZeitung-e1562069502881-300x199.jpg\" alt=\"\" width=\"325\" height=\"215\" srcset=\"https:\/\/bankkultur.ch\/wp-content\/uploads\/2019\/07\/2019-02-04-ZugerZeitung-e1562069502881-300x199.jpg 300w, https:\/\/bankkultur.ch\/wp-content\/uploads\/2019\/07\/2019-02-04-ZugerZeitung-e1562069502881-150x99.jpg 150w, https:\/\/bankkultur.ch\/wp-content\/uploads\/2019\/07\/2019-02-04-ZugerZeitung-e1562069502881-768x508.jpg 768w, https:\/\/bankkultur.ch\/wp-content\/uploads\/2019\/07\/2019-02-04-ZugerZeitung-e1562069502881-580x384.jpg 580w, https:\/\/bankkultur.ch\/wp-content\/uploads\/2019\/07\/2019-02-04-ZugerZeitung-e1562069502881.jpg 775w\" sizes=\"(max-width: 325px) 100vw, 325px\" \/><\/a><\/p>\n<p>Frutigl\u00e4nder &#8211; <a href=\"https:\/\/bankkultur.ch\/wp-content\/uploads\/2019\/04\/2019-01-29-Frutigl\u00e4nder-wenn-das-Sitzen-kultiviert-wird.pdf\" target=\"_blank\" rel=\"noopener noreferrer\">Wenn das Sitzen kultiviert wird<\/a>\u00a0&#8211;\u00a02019-01-29<\/p>\n<p>MarchAnzeiger &#8211; <a href=\"https:\/\/bankkultur.ch\/wp-content\/uploads\/2019\/04\/2019-01-25_09_MarchAnzeiger.pdf\" target=\"_blank\" rel=\"noopener noreferrer\">Sitzb\u00e4nke neu in einer Online-Karte verzeichnet<\/a> &#8211;\u00a02019-01-25<\/p>\n<p>Landbote &#8211; <a href=\"https:\/\/bankkultur.ch\/wp-content\/uploads\/2019\/04\/2019-01-24-Landbote-Ein-fleissiger-B\u00e4nkli-Sammler.pdf\" target=\"_blank\" rel=\"noopener noreferrer\">Ein fleissiger B\u00e4nkli-Sammler<\/a>\u00a0&#8211;\u00a02019-01-24<\/p>\n<p><a href=\"https:\/\/bankkultur.ch\/wp-content\/uploads\/2019\/04\/2019-01-21-GlarnerAgenda.pdf\" target=\"_blank\" rel=\"noopener noreferrer\">GlarnerAgenda &#8211; B\u00e4nkli-Challenge Resultat Glarus<\/a>\u00a0.\u00a02019-01-21<\/p>\n<p>NEO1 &#8211; Radiointerview Renate Albrecher,\u00a017.01.19<\/p>\n<audio class=\"wp-audio-shortcode\" id=\"audio-1783-2\" preload=\"none\" style=\"width: 100%;\" controls=\"controls\"><source type=\"audio\/mpeg\" src=\"https:\/\/bankkultur.ch\/wp-content\/uploads\/2019\/04\/2019-01-16-Neo1-Radio-Interview.mp3?_=2\" \/><a href=\"https:\/\/bankkultur.ch\/wp-content\/uploads\/2019\/04\/2019-01-16-Neo1-Radio-Interview.mp3\">https:\/\/bankkultur.ch\/wp-content\/uploads\/2019\/04\/2019-01-16-Neo1-Radio-Interview.mp3<\/a><\/audio>\n<p>Life Channel, 2019-12-11, &#8220;<a href=\"https:\/\/lifechannel.ch\/leben\/genuss-kultur\/freizeit\/wie-die-schweiz-zu-ihren-baenkli-kam\/\" target=\"_blank\" rel=\"noopener noreferrer\">Wie die Schweiz zu Ihren B\u00e4nkli kam<\/a>&#8221;<\/p>\n<p>Michelsamt <a href=\"https:\/\/bankkultur.ch\/wp-content\/uploads\/2019\/04\/2018-10-18-Michelsamt_KKLB_Europawald.pdf\" target=\"_blank\" rel=\"noopener noreferrer\">KKLB_Europawald, Oesterreichischer Baum gepflanzt<\/a> &#8211;\u00a02018-10-18<\/p>\n<p>Affoltern Anzeiger &#8211; <a href=\"https:\/\/bankkultur.ch\/wp-content\/uploads\/2019\/07\/2018-10-16-AffolternAnzeiger-H.P.Bruder-1.jpg\" target=\"_blank\" rel=\"noopener noreferrer\">Lueften Sie Ihr Bankgeheimnis <\/a>&#8211; Die &#8220;B\u00e4nkli-Challenge&#8221; &#8211; eines der spannendsten Projekte, die im &#8220;Kulturerbe 2018&#8243; aufgenommen wurden.&#8221; , <a href=\"https:\/\/bankkultur.ch\/wp-content\/uploads\/2019\/04\/2018-10-16-AffolternAnzeiger-H.P.Bruder.jpg\" target=\"_blank\" rel=\"noopener noreferrer\">&#8211; H.P.Bruder<\/a>, 2018-10-16<\/p>\n<p>GlarnerWoche_2019-09-05 Serie Bankgeheimnisse der Glarner Bankdirektoren1<\/p>\n<p>Radio Life Channel &#8211; 2019-10-11 &#8220;<a href=\"https:\/\/lifechannel.ch\/leben\/genuss-kultur\/freizeit\/verein-will-schweizer-baenkli-kultur-staerken\/\" target=\"_blank\" rel=\"noopener noreferrer\">Verein will Schweizer B\u00e4nkli-Kultur st\u00e4rken<\/a>&#8221;<\/p>\n<p>Radio Life Channel &#8211;<a href=\"https:\/\/radio.lifechannel.ch\/leben\/genuss-kultur\/freizeit\/sitzbaenke-sichtbar-machen-beim-baenkli-challenge\/\" target=\"_blank\" rel=\"noopener noreferrer\">\u00a0Baenkli Challenge 2018: Zeigt euer Lieblingsbaenkli<\/a>, 1.10.2019<\/p>\n<audio class=\"wp-audio-shortcode\" id=\"audio-1783-3\" preload=\"none\" style=\"width: 100%;\" controls=\"controls\"><source type=\"audio\/mpeg\" src=\"https:\/\/bankkultur.ch\/wp-content\/uploads\/2019\/04\/2018-10-01-Radio-LifeChannel.mp3?_=3\" \/><a href=\"https:\/\/bankkultur.ch\/wp-content\/uploads\/2019\/04\/2018-10-01-Radio-LifeChannel.mp3\">https:\/\/bankkultur.ch\/wp-content\/uploads\/2019\/04\/2018-10-01-Radio-LifeChannel.mp3<\/a><\/audio>\n<p><a href=\"https:\/\/bankkultur.ch\/wp-content\/uploads\/2018\/09\/2018-08-Interlaken.pdf\" target=\"_blank\" rel=\"noopener noreferrer\">Interlaken Tourismus, Herbstbrosch\u00fcre 2018-09<\/a> &#8211; &#8220;Bankgefl\u00fcster&#8221;<\/p>\n<p><a href=\"https:\/\/bankkultur.ch\/wp-content\/uploads\/2018\/09\/2018-09-14-Gde-GoldachWellenbrecher.pdf\" target=\"_blank\" rel=\"noopener noreferrer\">Wellenbrecher, 2018-09-14<\/a>, Gde Goldach, SG, &#8211; &#8220;Die Schweiz gibt ihre Bankgeheimnisse preis&#8221;<\/p>\n<p><a href=\"https:\/\/www.suedostschweiz.ch\/sendungen\/2018-09-12\/baenkli-fieber-im-glarnerland\" target=\"_blank\" rel=\"noopener noreferrer\">Suedostschweiz, 2018-09-12<\/a>, &#8211; B\u00e4nkli-Fieber im Glarnerland<\/p>\n<div style=\"width: 480px;\" class=\"wp-video\"><!--[if lt IE 9]><script>document.createElement('video');<\/script><![endif]-->\n<video class=\"wp-video-shortcode\" id=\"video-1783-1\" width=\"480\" height=\"272\" preload=\"metadata\" controls=\"controls\"><source type=\"video\/mp4\" src=\"https:\/\/bankkultur.ch\/wp-content\/uploads\/2018\/09\/2018-09-12-B\u00e4nkli-Fieber-im-Glarnerland-suedostschweiz.ch_kl.mp4?_=1\" \/><a href=\"https:\/\/bankkultur.ch\/wp-content\/uploads\/2018\/09\/2018-09-12-B\u00e4nkli-Fieber-im-Glarnerland-suedostschweiz.ch_kl.mp4\">https:\/\/bankkultur.ch\/wp-content\/uploads\/2018\/09\/2018-09-12-B\u00e4nkli-Fieber-im-Glarnerland-suedostschweiz.ch_kl.mp4<\/a><\/video><\/div>\n<p><a href=\"https:\/\/bankkultur.ch\/wp-content\/uploads\/2018\/09\/2018-09-05-GlarnerWoche_Serie-Bankgeheimnisse-der-Glarner-Bankdirektoren1.pdf\">GlarnerWoche_2018-09-05<\/a>\u00a0&#8211; Serie &#8220;Ab auf B\u00e4nkli&#8221; amene les directeurs des banques du canton Glaris sur un banc pour un interview sur leurs secrets bancaires.\u00a0aujourd&#8217;hui:\u00a0Hanspeter Rhyner de la Glarner Kantonalbank<\/p>\n<p><a href=\"https:\/\/bankkultur.ch\/wp-content\/uploads\/2018\/09\/2018-09-04-baublatt-Hier-geht-es-den-Bankgeheimnissen-an-den-Kragen.pdf\">Baublatt.ch, 2018-09-04<\/a>\u00a0 &#8211; enligne\u00a0<a href=\"https:\/\/www.baublatt.ch\/branche\/hier-geht-es-den-bankgeheimnissen-an-den-kragen\" target=\"_blank\" rel=\"noopener noreferrer\">ici<\/a>\u00a0&#8211; &#8220;Hier geht es den Bankgeheimnissen an den Kragen&#8221;<\/p>\n<p><strong>Radio24, 2018-09-03<\/strong> &#8211;\u00a0\u00a0<a href=\"https:\/\/www.radio24.ch\/shows\/abig-show\/ufem-baenkli-mit-der-baenklipraesidentin-renate-albrecher-133049688\" target=\"_blank\" rel=\"noopener noreferrer\">Langversion online<\/a> &#8211; &#8220;Ufem B\u00e4nkli mit &#8211; einer B\u00e4nkli-Pr\u00e4sidentin&#8221; &#8211; Maximilian Baumann invite Renate Albrecher sur un banc<br \/>\nKurzversion onair:<\/p>\n<audio class=\"wp-audio-shortcode\" id=\"audio-1783-4\" preload=\"none\" style=\"width: 100%;\" controls=\"controls\"><source type=\"audio\/mpeg\" src=\"https:\/\/bankkultur.ch\/wp-content\/uploads\/2018\/09\/2018-09-03-Radio24-Ufem-Baenkli-mit-einer-Baenkli-Praesidentin.mp3?_=4\" \/><a href=\"https:\/\/bankkultur.ch\/wp-content\/uploads\/2018\/09\/2018-09-03-Radio24-Ufem-Baenkli-mit-einer-Baenkli-Praesidentin.mp3\">https:\/\/bankkultur.ch\/wp-content\/uploads\/2018\/09\/2018-09-03-Radio24-Ufem-Baenkli-mit-einer-Baenkli-Praesidentin.mp3<\/a><\/audio>\n<h6><\/h6>\n<p><a href=\"https:\/\/bankkultur.ch\/wp-content\/uploads\/2018\/09\/2018-08-31-neo1-mein-Radio_-Eine-Landkarte-f\u00fcr-die-sch\u00f6nsten-B\u00e4nkli-in-der-Schweiz_.pdf\">neo1, 2018-08-31<\/a>\u00a0&#8211;\u00a0 Eine Landkarte f\u00fcr die sch\u00f6nsten B\u00e4nkli in der Schweiz<\/p>\n<audio class=\"wp-audio-shortcode\" id=\"audio-1783-5\" preload=\"none\" style=\"width: 100%;\" controls=\"controls\"><source type=\"audio\/mpeg\" src=\"https:\/\/bankkultur.ch\/wp-content\/uploads\/2018\/09\/2018-08-31-neo1-Baenkli-Landkarte.mp3?_=5\" \/><a href=\"https:\/\/bankkultur.ch\/wp-content\/uploads\/2018\/09\/2018-08-31-neo1-Baenkli-Landkarte.mp3\">https:\/\/bankkultur.ch\/wp-content\/uploads\/2018\/09\/2018-08-31-neo1-Baenkli-Landkarte.mp3<\/a><\/audio>\n<p><a href=\"https:\/\/bankkultur.ch\/wp-content\/uploads\/2018\/09\/2018-09.01-Gde-Utzenstorf_Challenge.pdf\">LIndenblatt,Gemeinde Utzenstorf, 2018-09.01<\/a>\u00a0&#8211; B\u00e4nkli-Challenge fordert die Bev\u00f6lkerung &#8211; Die veritablen Schweizer Bankgeheimnisse<\/p>\n<p><a href=\"https:\/\/bankkultur.ch\/wp-content\/uploads\/2018\/08\/2018-08-28-Aarauer-Woche.pdf\">Aarauer Woche, 2018-08-28\u00a0<\/a>\u00a0&#8211; &#8220;B\u00e4nkli-Challenge 2018&#8221;<\/p>\n<p><a href=\"https:\/\/bankkultur.ch\/wp-content\/uploads\/2018\/08\/2018-08-26-AZ_medien-Schweiz-am-Wochenende.pdf\">Schweiz am Wochenende, 2018-08-26 <\/a>&#8211; &#8220;Wo man gerne sitzen bleibt&#8221; &#8211; Interview mit B\u00e4nkli-Fan Hansruedi Heiniger<\/p>\n<p><a href=\"https:\/\/bankkultur.ch\/wp-content\/uploads\/2018\/08\/2018-08-26-AZ_medien-Schweiz-am-Wochenende_InterviewRea.pdf\">Schweiz am Wochenende, 2018-08-26<\/a>,\u00a0 &#8211; &#8220;Ein B\u00e4nkli ist ein besonderer Platz&#8221;, Interview mit Renate Albrecher<\/p>\n<p><a href=\"https:\/\/bankkultur.ch\/wp-content\/uploads\/2018\/08\/2018-08-23-Z\u00fcri-Oberlaender_Mantelgeschichte-Sitzb\u00e4nke.pdf\">Z\u00fcri-Oberlaender, 2018-08-23 Mantelgeschichte<\/a>\u00a0&#8211; en ligne\u00a0<a href=\"https:\/\/zueriost.ch\/news\/2018-08-22\/sitzbaenke-als-schluessel-zur-seele\" target=\"_blank\" rel=\"noopener noreferrer\">ici<\/a>\u00a0&#8211;\u00a0 &#8220;Sitzb\u00e4nke als Schl\u00fcsel zur Seele&#8221;, Interviews avec Ambassadrice banc&#8217;aire Monika Schwentner<\/p>\n<p><a href=\"https:\/\/bankkultur.ch\/wp-content\/uploads\/2018\/08\/2018-08-18-SRF1-interview-Regula-Sager.mp3\">SRF1, 2018-08-18, 10h38<\/a>\u00a0&#8211;\u00a0Interview avec R. Albrecher, moder\u00e9 par Regula Sager<\/p>\n<audio class=\"wp-audio-shortcode\" id=\"audio-1783-6\" preload=\"none\" style=\"width: 100%;\" controls=\"controls\"><source type=\"audio\/mpeg\" src=\"https:\/\/bankkultur.ch\/wp-content\/uploads\/2018\/08\/2018-08-18-SRF1-interview-Regula-Sager.mp3?_=6\" \/><a href=\"https:\/\/bankkultur.ch\/wp-content\/uploads\/2018\/08\/2018-08-18-SRF1-interview-Regula-Sager.mp3\">https:\/\/bankkultur.ch\/wp-content\/uploads\/2018\/08\/2018-08-18-SRF1-interview-Regula-Sager.mp3<\/a><\/audio>\n<p><a href=\"https:\/\/bankkultur.ch\/wp-content\/uploads\/2018\/08\/2018-08-17-Zofinger-Tagblatt-Michael-Fuchs.pdf\">Zofinger Tagblatt, 2018-08-17<\/a> &#8211; en ligne\u00a0<a href=\"https:\/\/zofingertagblatt.ch\/?id=275511&amp;Bankgeheimnisse%3A+Auf+B%C3%A4nkli+die+Region+neu+entdecken\" target=\"_blank\" rel=\"noopener noreferrer\">ici<\/a>\u00a0&#8211; &#8220;Bankgeheimnisse: Auf B\u00e4nkli die Region neu entdecken&#8221;, Interview avec fan banc&#8217;aire Michael Fuchs<\/p>\n<p><img loading=\"lazy\" class=\"alignnone wp-image-3074\" src=\"https:\/\/bankkultur.ch\/wp-content\/uploads\/2019\/07\/2018-08-17-ZofingerTagblatt_Foto_M.Fuchs_-1-300x205.jpg\" alt=\"\" width=\"338\" height=\"231\" srcset=\"https:\/\/bankkultur.ch\/wp-content\/uploads\/2019\/07\/2018-08-17-ZofingerTagblatt_Foto_M.Fuchs_-1-300x205.jpg 300w, https:\/\/bankkultur.ch\/wp-content\/uploads\/2019\/07\/2018-08-17-ZofingerTagblatt_Foto_M.Fuchs_-1-150x103.jpg 150w, https:\/\/bankkultur.ch\/wp-content\/uploads\/2019\/07\/2018-08-17-ZofingerTagblatt_Foto_M.Fuchs_-1-768x526.jpg 768w, https:\/\/bankkultur.ch\/wp-content\/uploads\/2019\/07\/2018-08-17-ZofingerTagblatt_Foto_M.Fuchs_-1-1024x701.jpg 1024w, https:\/\/bankkultur.ch\/wp-content\/uploads\/2019\/07\/2018-08-17-ZofingerTagblatt_Foto_M.Fuchs_-1-580x397.jpg 580w, https:\/\/bankkultur.ch\/wp-content\/uploads\/2019\/07\/2018-08-17-ZofingerTagblatt_Foto_M.Fuchs_-1-820x561.jpg 820w, https:\/\/bankkultur.ch\/wp-content\/uploads\/2019\/07\/2018-08-17-ZofingerTagblatt_Foto_M.Fuchs_-1-1160x794.jpg 1160w\" sizes=\"(max-width: 338px) 100vw, 338px\" \/><\/p>\n<p><a href=\"https:\/\/bankkultur.ch\/wp-content\/uploads\/2018\/08\/2018-08-17-Zofinger-Tagblatt.pdf\">Zofinger Tagblatt, 2018-08-17<\/a>\u00a0&#8211; en ligne\u00a0<a href=\"https:\/\/zofingertagblatt.ch\/?id=275515&amp;%C2%ABEnde+Kulturerbe-Jahr+2018+m%C3%B6chten+wir+pro+Kanton+1000+B%C3%A4nkli+registriert+haben%C2%BB\" target=\"_blank\" rel=\"noopener noreferrer\">ici<\/a>\u00a0&#8211; Interview Renate Albrecher \u00abEnde Kulturerbe-Jahr 2018 m\u00f6chten wir pro Kanton 1000 B\u00e4nkli registriert haben\u00bb<\/p>\n<p><a href=\"https:\/\/www.landbote.ch\/region\/andelfingen\/verein-will-bankgeheimnisse-lueften\/story\/12280905\" target=\"_blank\" rel=\"noopener noreferrer\">Der Landbote, 2018-08-11<\/a> &#8220;Verein will Bankgeheimnisse l\u00fcften&#8221;, Interviews avec fan banc&#8217;aire Freddy K\u00fchne et fondatrice Renate Albrecher<\/p>\n<p><a href=\"https:\/\/bankkultur.ch\/wp-content\/uploads\/2018\/08\/2018-08-Verkehrsverein-Hasle-R\u00fcegsau.pdf\">Verkehrsverein Hasle-R\u00fcegsau, 2018-08<\/a>\u00a0&#8211; en ligne\u00a0<a href=\"http:\/\/www.vvhr.ch\/home\/aktuelle-mitteilungen\/machmitbeibankgeheimnisse\" target=\"_blank\" rel=\"noopener noreferrer\">ici<\/a>\u00a0&#8211; &#8220;Mach mit bei Bankgeheimnisse&#8221;<\/p>\n<p><a href=\"https:\/\/bankkultur.ch\/wp-content\/uploads\/2018\/08\/2018-07-31-ToxicFM-Videobeitrag.mp4\">ToxicFM &#8211; Videobeitrag &#8211; 2018-07-31\u00a0<\/a>&#8211; Anleitung Nutzung der B\u00e4nkli-Landakarte und Suche nach B\u00e4nkli in St-Gallen<\/p>\n<div style=\"width: 720px;\" class=\"wp-video\"><video class=\"wp-video-shortcode\" id=\"video-1783-2\" width=\"720\" height=\"404\" preload=\"metadata\" controls=\"controls\"><source type=\"video\/mp4\" src=\"https:\/\/bankkultur.ch\/wp-content\/uploads\/2018\/08\/2018-07-31-ToxicFM-Videobeitrag.mp4?_=2\" \/><a href=\"https:\/\/bankkultur.ch\/wp-content\/uploads\/2018\/08\/2018-07-31-ToxicFM-Videobeitrag.mp4\">https:\/\/bankkultur.ch\/wp-content\/uploads\/2018\/08\/2018-07-31-ToxicFM-Videobeitrag.mp4<\/a><\/video><\/div>\n<p><a href=\"https:\/\/www.radio-media.ch\/podcasts\/2018\/07\/30\/1532931074.mp3\" target=\"_blank\" rel=\"noopener noreferrer\">RadioZuerisee_Morgenshow, 2018-07-30 Teil 1<\/a>\u00a0et\u00a0<a href=\"https:\/\/www.radio-media.ch\/podcasts\/2018\/07\/30\/1532930663.mp3\" target=\"_blank\" rel=\"noopener noreferrer\">Teil 2<\/a> avec\u00a0<a href=\"https:\/\/www.hanneshochuli.ch\/\" target=\"_blank\" rel=\"noopener noreferrer\">Hannes Hochuli<\/a> &#8211;\u00a0 &#8220;Neues Bankgeheimnis&#8221;<\/p>\n<audio class=\"wp-audio-shortcode\" id=\"audio-1783-7\" preload=\"none\" style=\"width: 100%;\" controls=\"controls\"><source type=\"audio\/mpeg\" src=\"https:\/\/bankkultur.ch\/wp-content\/uploads\/2018\/08\/2018-07-30-RadioZuerisee-Morgenshow_Teil1.mp3?_=7\" \/><a href=\"https:\/\/bankkultur.ch\/wp-content\/uploads\/2018\/08\/2018-07-30-RadioZuerisee-Morgenshow_Teil1.mp3\">https:\/\/bankkultur.ch\/wp-content\/uploads\/2018\/08\/2018-07-30-RadioZuerisee-Morgenshow_Teil1.mp3<\/a><\/audio><br \/>\n<audio class=\"wp-audio-shortcode\" id=\"audio-1783-8\" preload=\"none\" style=\"width: 100%;\" controls=\"controls\"><source type=\"audio\/mpeg\" src=\"https:\/\/bankkultur.ch\/wp-content\/uploads\/2018\/08\/2018-07-30-RadioZuerisee-Morgenshow-Hannes-Hochuli_Teil2.mp3?_=8\" \/><a href=\"https:\/\/bankkultur.ch\/wp-content\/uploads\/2018\/08\/2018-07-30-RadioZuerisee-Morgenshow-Hannes-Hochuli_Teil2.mp3\">https:\/\/bankkultur.ch\/wp-content\/uploads\/2018\/08\/2018-07-30-RadioZuerisee-Morgenshow-Hannes-Hochuli_Teil2.mp3<\/a><\/audio>\n<p><a href=\"https:\/\/bankkultur.ch\/wp-content\/uploads\/2018\/08\/2017-07-28-TagesWoche-Basel.pdf\">TagesWoche &#8211; Basel, 2017-07-28<\/a>\u00a0&#8211; en ligne\u00a0<a href=\"https:\/\/tageswoche.ch\/stadtleben\/basel-soll-sein-bankgeheimnis-preisgeben\/\" target=\"_blank\" rel=\"noopener noreferrer\">ici<\/a>\u00a0&#8211; &#8220;Basel soll sein Bankgeheimnis l\u00fcften&#8221;<\/p>\n<p><a href=\"https:\/\/bankkultur.ch\/wp-content\/uploads\/2018\/08\/2018-07-28-Luzerner-Zeitung.pdf\">Luzerner Zeitung, 2018-07-28 <\/a>&#8211; &#8220;Kanton Uri startet am 1. August die B\u00e4nkli-Challenge&#8221;<\/p>\n<p><a href=\"https:\/\/bankkultur.ch\/wp-content\/uploads\/2018\/09\/2018-07-28-Urner-Woche.png\" target=\"_blank\" rel=\"noopener noreferrer\">Urner Woche, 2018-07-25<\/a> &#8211; &#8220;Urner Bankgeheimnisse werden gel\u00fcftet&#8221;<\/p>\n<p><a href=\"https:\/\/bankkultur.ch\/wp-content\/uploads\/2018\/08\/2018-07-28-Urner-Zeitung.pdf\">Urner Zeitung, 2018-07-28<\/a>\u00a0&#8211; &#8220;B\u00e4nkli in Uri dokumentieren&#8221;<\/p>\n<p><a href=\"https:\/\/bankkultur.ch\/wp-content\/uploads\/2018\/07\/2018-07-27-ostschweizerinnen.ch-online.pdf\">ostschweizerinnen.ch 2018-07-27<\/a>\u00a0&#8211; l&#8217;article\u00a0<a href=\"https:\/\/www.ostschweizerinnen.ch\/die-wahren-bankgeheimnisse-der-schweiz-die-baenklikultur\/\" target=\"_blank\" rel=\"noopener noreferrer\">en ligne<\/a>\u00a0&#8211; &#8220;Die wahren \u201cBankgeheimnisse\u201d der Schweiz \u2013 die Sitzb\u00e4nkli-Challenge hat begonnen&#8221;<\/p>\n<p><a href=\"https:\/\/bankkultur.ch\/wp-content\/uploads\/2018\/07\/2018-07-26-Denkmalpflege-Schweiz-online.pdf\">Denkmalpflege Schweiz 2018-07-26 <\/a>&#8211; <a href=\"https:\/\/denkmalpflege-schweiz.ch\/2018\/07\/26\/baenkli-als-teil-des-schweizer-kulturguts-mach-mit-bei-der-baenkli-challenge-2018\/\" target=\"_blank\" rel=\"noopener noreferrer\">lien en ligne<\/a>\u00a0&#8211; &#8220;B\u00e4nkli als Teil des Schweizer Kulturguts &#8211; Mach mit bei B\u00e4nkli-Challenge 2018&#8221;<\/p>\n<p><a href=\"https:\/\/bankkultur.ch\/wp-content\/uploads\/2018\/07\/2018-07-26-Suedostschweizer-GL-UR.pdf\">Suedostschweiz 2018-07-26 <\/a>\u00a0&#8211; article <a href=\"https:\/\/www.suedostschweiz.ch\/ereignisse\/2018-07-26\/glarner-bankgeheimnis-soll-endlich-gelueftet-werden?utm_campaign=so-auto&amp;utm_source=twitter&amp;utm_medium=social_page\" target=\"_blank\" rel=\"noopener noreferrer\">en ligne<\/a>\u00a0&#8211; &#8220;Glarner Bankgeheimnis soll endlich gel\u00fcftet werden&#8221;<\/p>\n<p><a href=\"https:\/\/bankkultur.ch\/wp-content\/uploads\/2018\/07\/2018-07-26-glarus24.ch-online.pdf\">glarus24.ch online 2018-07-26 <\/a> &#8211;\u00a0\u00a0<a href=\"http:\/\/www.glarus24.ch\/ganzer-Kanton.568+M507ab974e5c.0.html\" target=\"_blank\" rel=\"noopener noreferrer\">lien en ligne ici<\/a>\u00a0&#8211; &#8220;Glarus und Uri lu\u0308ften Bankgeheimnisse um die Wette&#8221;<\/p>\n<p><a href=\"https:\/\/bankkultur.ch\/wp-content\/uploads\/2018\/08\/2018-07-27-March-Anzeiger.pdf\">March-Anzeiger, 2018-07-27<\/a>\u00a0&#8211; &#8220;Lieblingsb\u00e4nkli gesucht&#8221;<\/p>\n<p><strong><a href=\"https:\/\/bankkultur.ch\/wp-content\/uploads\/2018\/07\/2018-07-23-Migros_Magazin-print_art.pdf\" target=\"_blank\" rel=\"noopener noreferrer\">Migros-Magazin, 2018-07-23<\/a>\u00a0\u00a0&#8211;<\/strong> la Une et l&#8217;article pages 10-13<strong> &#8220;Sch\u00e4tze einer B\u00e4nkli-Direktorin&#8221;<\/strong><\/p>\n<p><a href=\"https:\/\/bankkultur.ch\/wp-content\/uploads\/2018\/07\/2018-07-23-Migros_Magazin-print_art.pdf\"><img loading=\"lazy\" class=\"alignnone wp-image-3075\" src=\"https:\/\/bankkultur.ch\/wp-content\/uploads\/2019\/07\/2018-07-23-Migros-Magazin-Lead_komb-300x134.jpg\" alt=\"B\u00e4nkli-Direktorin Albrecher Migros\" width=\"544\" height=\"243\" srcset=\"https:\/\/bankkultur.ch\/wp-content\/uploads\/2019\/07\/2018-07-23-Migros-Magazin-Lead_komb-300x134.jpg 300w, https:\/\/bankkultur.ch\/wp-content\/uploads\/2019\/07\/2018-07-23-Migros-Magazin-Lead_komb-150x67.jpg 150w, https:\/\/bankkultur.ch\/wp-content\/uploads\/2019\/07\/2018-07-23-Migros-Magazin-Lead_komb-768x342.jpg 768w, https:\/\/bankkultur.ch\/wp-content\/uploads\/2019\/07\/2018-07-23-Migros-Magazin-Lead_komb-580x259.jpg 580w, https:\/\/bankkultur.ch\/wp-content\/uploads\/2019\/07\/2018-07-23-Migros-Magazin-Lead_komb-820x366.jpg 820w, https:\/\/bankkultur.ch\/wp-content\/uploads\/2019\/07\/2018-07-23-Migros-Magazin-Lead_komb.jpg 953w\" sizes=\"(max-width: 544px) 100vw, 544px\" \/><\/a><\/p>\n<p><a href=\"https:\/\/bankkultur.ch\/wp-content\/uploads\/2018\/08\/2018-07-20-Gde-Rapperswill-online.pdf\">Gemeinde Rapperswill online, 2018-07-20 <\/a>&#8211; en ligne\u00a0<a href=\"http:\/\/www.rapperswil-be.ch\/de\/aktuelles\/meldungen\/Baenkli-Projekt.php\" target=\"_blank\" rel=\"noopener noreferrer\">ici<\/a>\u00a0&#8211; &#8220;B\u00e4nkli-Projekt Kanton Bern &#8211; Challenge 2018&#8221;<\/p>\n<p><a href=\"https:\/\/bankkultur.ch\/wp-content\/uploads\/2018\/08\/2018-07-18-Gde-Kirchdorf-BE-online.pdf\">Gemeinde Kirchdorf BE online, 2018-07-18 <\/a>&#8211; en ligne\u00a0<a href=\"https:\/\/www.kirchdorf-be.ch\/portraet\/finanzen-steuern\/index.php?page=101000&amp;id=153\" target=\"_blank\" rel=\"noopener noreferrer\">ici<\/a>\u00a0&#8211; &#8220;Die Berner Challenge 2018!&#8221;<\/p>\n<p><a href=\"https:\/\/bankkultur.ch\/wp-content\/uploads\/2018\/08\/2018-07-Gemeinde-Ins-BE-online.pdf\">Gemeinde Ins BE online, 2018-07<\/a>\u00a0&#8211; en ligne\u00a0<a href=\"http:\/\/ins.ch\/de\/aktuelles\/meldungen\/baenkliprojekt.php\" target=\"_blank\" rel=\"noopener noreferrer\">ici<\/a>\u00a0&#8211; &#8220;B\u00e4nkliprojekt &#8211; Challenge 2018&#8221;<\/p>\n<p><a href=\"https:\/\/bankkultur.ch\/wp-content\/uploads\/2018\/08\/2017-07-06-Gde-Seedorf-BE-online.pdf\">Gemeinde Seedorf BE online, 2017-07-06<\/a>\u00a0&#8211; en ligne\u00a0<a href=\"http:\/\/www.seedorf.ch\/de\/aktuelles\/meldungen\/archiv\/Baenkli-Projekt-fuer-den-Kanton-Bern.php\" target=\"_blank\" rel=\"noopener noreferrer\">ici<\/a>\u00a0&#8211; &#8220;B\u00e4nkli-Projekt f\u00fcr den Kanton Bern &#8211; Challenge 2018&#8221;<\/p>\n<p><strong><a href=\"https:\/\/bankkultur.ch\/wp-content\/uploads\/2018\/07\/2018-07-05-SchweizerFamilie.pdf\">Schweizer Familie, 2018-07-05<\/a>\u00a0&#8220;Das Bankgeheimnis ist abgeschafft&#8221;,<\/strong> Art. von Marianne Fehr<\/p>\n<p><a href=\"https:\/\/bankkultur.ch\/wp-content\/uploads\/2018\/07\/2018-07-05-SchweizerFamilie.pdf\"><img loading=\"lazy\" class=\"alignnone wp-image-3066\" src=\"https:\/\/bankkultur.ch\/wp-content\/uploads\/2019\/07\/2018-07-05-SchweizerFamilie-1a-e1562067871645.jpg\" alt=\"\" width=\"596\" height=\"398\" srcset=\"https:\/\/bankkultur.ch\/wp-content\/uploads\/2019\/07\/2018-07-05-SchweizerFamilie-1a-e1562067871645.jpg 1612w, https:\/\/bankkultur.ch\/wp-content\/uploads\/2019\/07\/2018-07-05-SchweizerFamilie-1a-e1562067871645-150x100.jpg 150w, https:\/\/bankkultur.ch\/wp-content\/uploads\/2019\/07\/2018-07-05-SchweizerFamilie-1a-e1562067871645-300x200.jpg 300w, https:\/\/bankkultur.ch\/wp-content\/uploads\/2019\/07\/2018-07-05-SchweizerFamilie-1a-e1562067871645-768x513.jpg 768w, https:\/\/bankkultur.ch\/wp-content\/uploads\/2019\/07\/2018-07-05-SchweizerFamilie-1a-e1562067871645-1024x684.jpg 1024w, https:\/\/bankkultur.ch\/wp-content\/uploads\/2019\/07\/2018-07-05-SchweizerFamilie-1a-e1562067871645-580x387.jpg 580w, https:\/\/bankkultur.ch\/wp-content\/uploads\/2019\/07\/2018-07-05-SchweizerFamilie-1a-e1562067871645-820x547.jpg 820w, https:\/\/bankkultur.ch\/wp-content\/uploads\/2019\/07\/2018-07-05-SchweizerFamilie-1a-e1562067871645-1160x774.jpg 1160w\" sizes=\"(max-width: 596px) 100vw, 596px\" \/><\/a><\/p>\n<p><a href=\"https:\/\/bankkultur.ch\/wp-content\/uploads\/2018\/08\/2018-07-08-Z\u00fcrcherWeinlandProAndelinger.pdf\">Z\u00fcrcher Weinland, ProAndelinger 2018-07-08<\/a>\u00a0&#8211; &#8220;Wer l\u00fcftet das &#8216;Bankgeheimnis&#8217;?&#8221;<\/p>\n<p><a href=\"https:\/\/bankkultur.ch\/wp-content\/uploads\/2018\/07\/2018-06-Wandern-Randonner-2-2018.pdf\" target=\"_blank\" rel=\"noopener noreferrer\">Wandern-Randonner 2018-06 Ausgabe 2\/2018<\/a>\u00a0&#8211;\u00a0Die veritablen Schweizer Bankgeheimnisse, Renate Albrecher<\/p>\n<p><a href=\"https:\/\/bankkultur.ch\/wp-content\/uploads\/2018\/06\/2018-06-06-Newsletter-BernerWanderwege.pdf\" target=\"_blank\" rel=\"noopener noreferrer\">Berner Wanderweg, Newsletter_de 2018-06-06<\/a>\u00a0(Seite 3) &#8211; en ligne\u00a0<a href=\"https:\/\/www.bernerwanderwege.ch\/download.php?id=17417_c48d5201\" target=\"_blank\" rel=\"noopener noreferrer\">ici<\/a>\u00a0&#8211; Die veritablen Schweizer Bankgeheimnisse, Art. v. Renate Albrecher<\/p>\n<p><a href=\"https:\/\/bankkultur.ch\/wp-content\/uploads\/2018\/06\/2018_05_09-20minuten.pdf\" target=\"_blank\" rel=\"noopener noreferrer\">20minuten print 2018_05_09<\/a>\u00a0&#8211; &#8220;Diese B\u00e4nkli haben alle eine besondere Geschichte&#8221;, Samuel Walder<\/p>\n<p><a href=\"https:\/\/bankkultur.ch\/wp-content\/uploads\/2018\/06\/2018-05-08_20min_Artikel_LesergeschichtenAlleKommentare.pdf\" target=\"_blank\" rel=\"noopener noreferrer\">20min_Artikel_LesergeschichtenAlleKommentare 2018-05-08<\/a>\u00a0&#8211; en ligne\u00a0<a href=\"http:\/\/www.20min.ch\/community\/stories\/story\/-Ich-habe-meinem-Bruder-ein-Baenkli-gewidmet--10706678\">ici<\/a>\u00a0&#8211; &#8220;Diese B\u00e4nkli haben alle eine besondere Geschichte&#8221;, Samuel Walder<\/p>\n<p><a href=\"https:\/\/bankkultur.ch\/wp-content\/uploads\/2018\/06\/2018-05-03-20minuten-online.pdf\" target=\"_blank\" rel=\"noopener noreferrer\">20minuten online &#8211; 2018-05-03<\/a>\u00a0&#8211; en ligne\u00a0<a href=\"http:\/\/www.20min.ch\/schweiz\/news\/story\/Wie-finde-ich-Baenkli-in-der-Schweiz--31938628\" target=\"_blank\" rel=\"noopener noreferrer\">ici<\/a>\u00a0&#8211; &#8220;Wo steht Dein Lieblingsb\u00e4nkli&#8221;, Samuel Walder<\/p>\n<p><a href=\"https:\/\/bankkultur.ch\/wp-content\/uploads\/2018\/06\/2018-04-01-Aargauer-Zeitung-B\u00e4nkli-Tag.pdf\" target=\"_blank\" rel=\"noopener noreferrer\">Aargauer-Zeitung B\u00e4nkli-Tag 2018-04-01<\/a>\u00a0 &#8211; Lien extern\u00a0<a href=\"https:\/\/www.aargauerzeitung.ch\/aargau\/kanton-aargau\/schoene-aussicht-gesucht-hier-werden-die-bankgeheimnisse-des-aargaus-geteilt-132366471\" target=\"_blank\" rel=\"noopener noreferrer\">ici<\/a>\u00a0&#8211;\u00a0&#8220;Sch\u00f6ne Aussicht gesucht? Hier werden die Bankgeheimnisse des Kantons Aargau geteilt&#8221;,<\/p>\n<p><a href=\"https:\/\/bankkultur.ch\/wp-content\/uploads\/2018\/06\/2018-04-Leukerbad-Blog.pdf\" target=\"_blank\" rel=\"noopener noreferrer\">Leukerbad-Blog 2018-04<\/a><\/p>\n<p><a href=\"https:\/\/bankkultur.ch\/wp-content\/uploads\/2018\/06\/Swissinfo-29.3.2018-auch-in-soz.-medien.pdf\" target=\"_blank\" rel=\"noopener noreferrer\">Swissinfo 29.3.2018_de<\/a>\u00a0&#8211; Lien extern <a href=\"https:\/\/www.swissinfo.ch\/ger\/multimedia\/sitzbaenke_was-schweizer-alles-fuer-die-sitzbank-tun\/43972858\" target=\"_blank\" rel=\"noopener noreferrer\">ici<\/a>\u00a0&#8211;\u00a0\u00a0&#8220;Was Schweizer alles f\u00fcr die Sitzbank tun&#8221;<\/p>\n<p><a href=\"https:\/\/bankkultur.ch\/wp-content\/uploads\/2018\/06\/Glarner-Agenda-2018-03-30.pdf\" target=\"_blank\" rel=\"noopener noreferrer\">Glarner Agenda 2018-03-30<\/a>\u00a0&#8211; &#8220;Challenge #Kulturerbe 2018 &#8211; 1&#8217;000 Bankgeheimnisse f\u00fcr den Kanton Glarus&#8221;<\/p>\n<p><a href=\"https:\/\/bankkultur.ch\/wp-content\/uploads\/2018\/06\/2018-03-30-farm.myswitzerland-glarus.pdf\" target=\"_blank\" rel=\"noopener noreferrer\">farm.myswitzerland glarus 2018-03-30<\/a>\u00a0&#8211; &#8220;Challenge #Kulturerbe 2018 &#8211; 1&#8217;000 Bankgeheimnisse f\u00fcr den Kanton Glarus&#8221;<\/p>\n<p><a href=\"https:\/\/bankkultur.ch\/wp-content\/uploads\/2018\/06\/2018-03-30-AgrotourismusSchweiz-myfarm-ch_longue.pdf\" target=\"_blank\" rel=\"noopener noreferrer\">AgrotourismusSchweiz myfarm.ch 2018-03-30<\/a>\u00a0&#8211; &#8220;Challenge #Kulturerbe 2018 &#8211; 1&#8217;000 Bankgeheimnisse f\u00fcr den Kanton Glarus&#8221;<\/p>\n<p><a href=\"https:\/\/bankkultur.ch\/wp-content\/uploads\/2018\/06\/Wandern_CH-2018-02.pdf\" target=\"_blank\" rel=\"noopener noreferrer\">Wandern_CH 2018-02<\/a>\u00a0&#8211;\u00a0 &#8220;Jede Bank hat ihre Geschichte&#8221;<\/p>\n<p><a href=\"https:\/\/bankkultur.ch\/wp-content\/uploads\/2018\/06\/2018-01-17-ILEF-Zeitung.pdf\" target=\"_blank\" rel=\"noopener noreferrer\"> ILEF 2018-01-17<\/a>\u00a0\u00a0&#8211; &#8220;Das Schweizer Bankgeheimnis zum Geniessen&#8221;<\/p>\n<p><a href=\"https:\/\/bankkultur.ch\/wp-content\/uploads\/2018\/06\/2018-01-17-Winterthurer-Zeitung.pdf\" target=\"_blank\" rel=\"noopener noreferrer\">Winterthurer Zeitung 2018-01-17<\/a>\u00a0&#8211; Lien extern <a href=\"http:\/\/www.winterthurer-zeitung.ch\/wyland\/detail\/article\/das-schweizer-bankgeheimnis-zum-geniessen-00132227\/\" target=\"_blank\" rel=\"noopener noreferrer\">ici<\/a>\u00a0&#8211; &#8220;Das Schweizer Bankgeheimnis zum Geniessen&#8221;<\/p>\n<p><a href=\"https:\/\/bankkultur.ch\/wp-content\/uploads\/2018\/06\/2017-01-17-Wize-zehnder-Challenge.pdf\" target=\"_blank\" rel=\"noopener noreferrer\">Wize-zehnder, 2017-01-17 Challenge<\/a>\u00a0&#8211; &#8220;Das Schweizer Bankgeheimnis zum Geniessen&#8221;<\/p>\n<p><a href=\"https:\/\/bankkultur.ch\/wp-content\/uploads\/2018\/06\/Frauenfelder-Nachrichten-2018-01-18.pdf\" target=\"_blank\" rel=\"noopener noreferrer\">Frauenfelder Nachrichten 2018-01-18<\/a>\u00a0&#8211; &#8220;Bankgeheimnis?&#8221;<\/p>\n<\/div>\n<\/div>\n<div class=\"cmsms_column one_half\">\n<div class=\"cmsms_text\">\n<h2>En fran\u00e7ais:<\/h2>\n<h3><strong>Quelques highlights<\/strong><\/h3>\n<p>RTS, La Matinale, 2018-09-04 &#8211;<a href=\"https:\/\/www.rts.ch\/play\/radio\/la-matinale-5h-6h30\/audio\/linvitee-du-5h-6h30-premiere-partie-renate-albrecher-fondatrice-et-presidente-de-bankkultur?id=9803432&amp;station=a9e7621504c6959e35c3ecbe7f6bed0446cdf8da\" target=\"_blank\" rel=\"noopener noreferrer\"> premi\u00e8re partie<\/a> et<a href=\"https:\/\/www.rts.ch\/play\/radio\/la-matinale-5h-6h30\/audio\/linvitee-du-5h-6h30-deuxieme-partie-renate-albrecher-fondatrice-et-presidente-de-bankkultur?id=9803437\" target=\"_blank\" rel=\"noopener noreferrer\"> deuxi\u00e8me partie<\/a>\u00a0 &#8211; Live-Interview avec Renate Albrecher, Fondatrice et Pr\u00e9sidente du Verein Bankkultur<\/p>\n<audio class=\"wp-audio-shortcode\" id=\"audio-1783-9\" preload=\"none\" style=\"width: 100%;\" controls=\"controls\"><source type=\"audio\/mpeg\" src=\"https:\/\/bankkultur.ch\/wp-content\/uploads\/2018\/09\/2018-09-04-la-matinale_Teil1.mp3?_=9\" \/><a href=\"https:\/\/bankkultur.ch\/wp-content\/uploads\/2018\/09\/2018-09-04-la-matinale_Teil1.mp3\">https:\/\/bankkultur.ch\/wp-content\/uploads\/2018\/09\/2018-09-04-la-matinale_Teil1.mp3<\/a><\/audio><br \/>\n<audio class=\"wp-audio-shortcode\" id=\"audio-1783-10\" preload=\"none\" style=\"width: 100%;\" controls=\"controls\"><source type=\"audio\/mpeg\" src=\"https:\/\/bankkultur.ch\/wp-content\/uploads\/2018\/09\/2018-09-04-la-matinale_Teil2.mp3?_=10\" \/><a href=\"https:\/\/bankkultur.ch\/wp-content\/uploads\/2018\/09\/2018-09-04-la-matinale_Teil2.mp3\">https:\/\/bankkultur.ch\/wp-content\/uploads\/2018\/09\/2018-09-04-la-matinale_Teil2.mp3<\/a><\/audio>\n<p><strong><a href=\"https:\/\/bankkultur.ch\/wp-content\/uploads\/2018\/08\/2018-08-21-LaC\u00f4te_page1-3.pdf\">La C\u00f4te, 2018-08-21, La Une, plus article page 2 et 3<\/a>\u00a0&#8211; \u00a0 &#8220;Appel aux amoureux des bancs publics&#8221;,\u00a0en ligne <a href=\"https:\/\/www.lacote.ch\/articles\/regions\/district-de-nyon\/les-bancs-publics-l-autre-secret-bancaire-de-suisse-775299\" target=\"_blank\" rel=\"noopener noreferrer\">ici<\/a>\u00a0-&#8220;Les bancs publics, l&#8217;autre secret bancaire de Suisse&#8221;<\/strong><\/p>\n<p><strong><a href=\"https:\/\/bankkultur.ch\/wp-content\/uploads\/2018\/06\/2018-06-28_TerreNature_LaUne-bancs.pdf\">Terre &amp; Nature 2018-06-28 La Une<\/a>\u00a0&#8211;\u00a0\u00a0<a href=\"https:\/\/www.terrenature.ch\/\" target=\"_blank\" rel=\"noopener noreferrer\">www.terre<\/a><a href=\"https:\/\/www.terrenature.ch\/\">nature.ch<\/a>\u00a0&#8211; &#8220;Recensez les plus beaux banc de Suisse&#8221;<\/strong><\/p>\n<p><strong><a href=\"https:\/\/bankkultur.ch\/wp-content\/uploads\/2018\/06\/2018-06-28-Terre_Nature_article.pdf\">Terre &amp; Nature 2018-06-28 article<\/a>\u00a0&#8211; <a href=\"https:\/\/www.terrenature.ch\/\" target=\"_blank\" rel=\"noopener noreferrer\">www.terre<\/a><a href=\"https:\/\/www.terrenature.ch\/\">nature.ch<\/a>\u00a0&#8211; &#8220;Immortalisez votre banc favori&#8221;, Marjori Born<\/strong><\/p>\n<p><strong><a href=\"https:\/\/bankkultur.ch\/wp-content\/uploads\/2018\/06\/2018-06-28_TerreNature_LaUne-bancs.pdf\"><img loading=\"lazy\" class=\"alignnone wp-image-3053 size-full\" src=\"https:\/\/bankkultur.ch\/wp-content\/uploads\/2019\/07\/2018-06-28_TerreNature_LaUne-bancs-2-e1562060546609.jpg\" alt=\"\" width=\"710\" height=\"814\" srcset=\"https:\/\/bankkultur.ch\/wp-content\/uploads\/2019\/07\/2018-06-28_TerreNature_LaUne-bancs-2-e1562060546609.jpg 710w, https:\/\/bankkultur.ch\/wp-content\/uploads\/2019\/07\/2018-06-28_TerreNature_LaUne-bancs-2-e1562060546609-131x150.jpg 131w, https:\/\/bankkultur.ch\/wp-content\/uploads\/2019\/07\/2018-06-28_TerreNature_LaUne-bancs-2-e1562060546609-262x300.jpg 262w, https:\/\/bankkultur.ch\/wp-content\/uploads\/2019\/07\/2018-06-28_TerreNature_LaUne-bancs-2-e1562060546609-580x665.jpg 580w, https:\/\/bankkultur.ch\/wp-content\/uploads\/2019\/07\/2018-06-28_TerreNature_LaUne-bancs-2-e1562060546609-150x172.jpg 150w\" sizes=\"(max-width: 710px) 100vw, 710px\" \/><\/a><\/strong><\/p>\n<\/div>\n<div id=\"cmsms_divider_69f1e475040c9\" class=\"cmsms_divider solid\"><\/div>\n<div class=\"cmsms_text\">\n<h3>Toutes les pr\u00e9sences dans les m\u00e9dia francophones dans la chronologie:<\/h3>\n<p><a href=\"https:\/\/bankkultur.ch\/wp-content\/uploads\/2021\/05\/2021-04-29-La-Liberte-Le-banc-cette-assise-du-bonheur_print.pdf\">2021-04-29 &#8211; La Libert\u00e9 &#8211; Le banc, cette assise du bonheur_print<\/a><\/p>\n<p><a href=\"https:\/\/bankkultur.ch\/wp-content\/uploads\/2021\/05\/2021-04-26-Bankkultur-lassociation-du-banc-suisse-\u2013-B.I.B_.pdf\">2021-04-26 Bankkultur, l\u2019association du banc suisse \u2013 B.I.B_<\/a><\/p>\n<p><a href=\"https:\/\/bankkultur.ch\/wp-content\/uploads\/2021\/05\/2021-04-14-Secrets-bancaires-\u2013-B.I.B_.pdf\">2021-04-14 Secrets banc\u2019aires \u2013 B.I.B_<\/a><\/p>\n<p>2020-01-21 &#8211; <a href=\"https:\/\/bankkultur.ch\/wp-content\/uploads\/2020\/03\/2020-01-21-\u00abBleu\u00bb-et-les-autres-mots-de-janvier-2020-_-Largeur.com_.pdf\" target=\"_blank\" rel=\"noopener noreferrer\">\u00abBleu\u00bb et les autres mots de janvier 2020<\/a> _ Largeur.com<\/p>\n<p>2019-09-15 _ Die Gemeinde_031_6683_<a href=\"https:\/\/bankkultur.ch\/wp-content\/uploads\/2020\/03\/2019-09-15-_-Die-Gemeinde_031_6683_TOUR_Baenkli-Landkarte_F.pdf\" target=\"_blank\" rel=\"noopener noreferrer\">TOUR_Baenkli-Landkarte<\/a>_F<\/p>\n<p><a href=\"https:\/\/www.generations-plus.ch\/?q=magazine\/loisirsmaison\/natureplein-air\/les-bancs-ils-sont-partout-et-les-aime%E2%80%89\" target=\"_blank\" rel=\"noopener noreferrer\">Generations plus, 2019-05<\/a> &#8211; &#8220;<a href=\"https:\/\/bankkultur.ch\/wp-content\/uploads\/2019\/07\/201905_Generations_Bancs_publics.pdf\" target=\"_blank\" rel=\"noopener noreferrer\">Les bancs : ils sont partout et on les aime\u2009!<\/a>&#8221;<\/p>\n<p><a href=\"https:\/\/www.rfj.ch\/rfj\/Actualite\/Region\/20190620-Le-Clos-du-Doubs-va-faire-chauffer-les-mollets.html\" target=\"_blank\" rel=\"noopener noreferrer\">RFJ 2019-06-18<\/a> &#8211; <a href=\"https:\/\/bankkultur.ch\/wp-content\/uploads\/2019\/07\/2019-06-18-Le-Clos-du-Doubs-va-faire-chauffer-les-mollets-RFJ-votre-radio-r\u00e9gionale.pdf\" target=\"_blank\" rel=\"noopener noreferrer\">Le Clos du Doubs va faire chauffer les mollets<\/a><\/p>\n<p><a href=\"https:\/\/bankkultur.ch\/wp-content\/uploads\/2019\/07\/2019-05-TerreNatur-hors-serie-rando.pdf\" target=\"_blank\" rel=\"noopener noreferrer\">Terre &amp; Nature, 2019-05<\/a>, hors serie: Rando<\/p>\n<p>La r\u00e9gion nord-vaudoise &#8211; <a href=\"https:\/\/bankkultur.ch\/wp-content\/uploads\/2019\/04\/2019-03-20-La-r\u00e9gion-nord-vaudoise.pdf\" target=\"_blank\" rel=\"noopener noreferrer\">Les bancs &#8211; ces fen\u00eatres sur le monde<\/a> &#8211; 20.3.2019<\/p>\n<p>RTS, La Matinale, 2018-09-04 &#8211;<a href=\"https:\/\/www.rts.ch\/play\/radio\/la-matinale-5h-6h30\/audio\/linvitee-du-5h-6h30-premiere-partie-renate-albrecher-fondatrice-et-presidente-de-bankkultur?id=9803432&amp;station=a9e7621504c6959e35c3ecbe7f6bed0446cdf8da\" target=\"_blank\" rel=\"noopener noreferrer\"> premi\u00e8re partie<\/a> et<a href=\"https:\/\/www.rts.ch\/play\/radio\/la-matinale-5h-6h30\/audio\/linvitee-du-5h-6h30-deuxieme-partie-renate-albrecher-fondatrice-et-presidente-de-bankkultur?id=9803437\" target=\"_blank\" rel=\"noopener noreferrer\"> deuxi\u00e8me partie<\/a>\u00a0 &#8211; Live-Interview avec Renate Albrecher, Fondatrice et Pr\u00e9sidente du Verein Bankkultur<\/p>\n<audio class=\"wp-audio-shortcode\" id=\"audio-1783-11\" preload=\"none\" style=\"width: 100%;\" controls=\"controls\"><source type=\"audio\/mpeg\" src=\"https:\/\/bankkultur.ch\/wp-content\/uploads\/2018\/09\/2018-09-04-la-matinale_Teil1.mp3?_=11\" \/><a href=\"https:\/\/bankkultur.ch\/wp-content\/uploads\/2018\/09\/2018-09-04-la-matinale_Teil1.mp3\">https:\/\/bankkultur.ch\/wp-content\/uploads\/2018\/09\/2018-09-04-la-matinale_Teil1.mp3<\/a><\/audio><br \/>\n<audio class=\"wp-audio-shortcode\" id=\"audio-1783-12\" preload=\"none\" style=\"width: 100%;\" controls=\"controls\"><source type=\"audio\/mpeg\" src=\"https:\/\/bankkultur.ch\/wp-content\/uploads\/2018\/09\/2018-09-04-la-matinale_Teil2.mp3?_=12\" \/><a href=\"https:\/\/bankkultur.ch\/wp-content\/uploads\/2018\/09\/2018-09-04-la-matinale_Teil2.mp3\">https:\/\/bankkultur.ch\/wp-content\/uploads\/2018\/09\/2018-09-04-la-matinale_Teil2.mp3<\/a><\/audio>\n<p><a href=\"https:\/\/bankkultur.ch\/wp-content\/uploads\/2018\/08\/2018-08-23-Radio-Chablais-clubmatin.mp3\">Radio Chablais, 2018-08-23 &#8211; clubmatin<\/a>\u00a0&#8211; &#8220;Une association met les Suisses au d\u00e9fi: elle souhaite valoriser les bancs publics \u00e0 travers le pays<\/p>\n<audio class=\"wp-audio-shortcode\" id=\"audio-1783-13\" preload=\"none\" style=\"width: 100%;\" controls=\"controls\"><source type=\"audio\/mpeg\" src=\"https:\/\/bankkultur.ch\/wp-content\/uploads\/2018\/08\/2018-08-23-Radio-Chablais-clubmatin.mp3?_=13\" \/><a href=\"https:\/\/bankkultur.ch\/wp-content\/uploads\/2018\/08\/2018-08-23-Radio-Chablais-clubmatin.mp3\">https:\/\/bankkultur.ch\/wp-content\/uploads\/2018\/08\/2018-08-23-Radio-Chablais-clubmatin.mp3<\/a><\/audio>\n<p><strong><a href=\"https:\/\/bankkultur.ch\/wp-content\/uploads\/2018\/08\/2018-08-21-LaC\u00f4te_page1-3.pdf\">La C\u00f4te, 2018-08-21, La Une, plus article page 2 et 3<\/a>\u00a0&#8211; \u00a0 &#8220;Appel aux amoureux des bancs publics&#8221;,\u00a0en ligne <a href=\"https:\/\/www.lacote.ch\/articles\/regions\/district-de-nyon\/les-bancs-publics-l-autre-secret-bancaire-de-suisse-775299\" target=\"_blank\" rel=\"noopener noreferrer\">ici<\/a>\u00a0-&#8220;Les bancs publics, l&#8217;autre secret bancaire de Suisse&#8221;<\/strong><\/p>\n<p><a href=\"https:\/\/bankkultur.ch\/wp-content\/uploads\/2018\/08\/2018-08-02-Radio-Frequence-Jura.pdf\">Radio Frequence Jura, 2018-08-02<\/a>\u00a0&#8211; article en-ligne\u00a0<a href=\"https:\/\/www.rfj.ch\/rfj\/Actualite\/Region\/20180803-Un-appel-est-lance-pour-denicher-les-bancs-publics-de-Suisse.html\" target=\"_blank\" rel=\"noopener noreferrer\">ici<\/a>\u00a0et\u00a0<a href=\"https:\/\/bnj.blob.core.windows.net\/assets\/Podcasts\/1\/RFJ-12H15\/DGA791187.137.mp3\" target=\"_blank\" rel=\"noopener noreferrer\">ici pour \u00e9couter<\/a>\u00a0(Minute 6.37 bis Minute 8:40) &#8211; &#8220;Un appel est lanc\u00e9 pour d\u00e9nicher les bancs publics de Suisse&#8221;<\/p>\n<audio class=\"wp-audio-shortcode\" id=\"audio-1783-14\" preload=\"none\" style=\"width: 100%;\" controls=\"controls\"><source type=\"audio\/mpeg\" src=\"https:\/\/bankkultur.ch\/wp-content\/uploads\/2018\/08\/2018-08-02-Radio-Frequence-Jura-Le-Journal.mp3?_=14\" \/><a href=\"https:\/\/bankkultur.ch\/wp-content\/uploads\/2018\/08\/2018-08-02-Radio-Frequence-Jura-Le-Journal.mp3\">https:\/\/bankkultur.ch\/wp-content\/uploads\/2018\/08\/2018-08-02-Radio-Frequence-Jura-Le-Journal.mp3<\/a><\/audio>\n<p><a href=\"https:\/\/bankkultur.ch\/wp-content\/uploads\/2018\/08\/2018-07-27-Radio-Chablais-Info.pdf\">Radio Chablais Info, 2018-07-27<\/a>\u00a0, online <a href=\"https:\/\/www.radiochablais.ch\/infos\/77016-concours-banc-aire-2018\" target=\"_blank\" rel=\"noopener noreferrer\">hier<\/a> &#8211; &#8220;Concours &#8216;banc&#8217;aire&#8217; 2018&#8221;<\/p>\n<p><strong>RTS &#8211; <a href=\"https:\/\/www.rts.ch\/la-1ere\/programmes\/on-en-parle\/9683112-repertorier-nos-bancs-publics-13-07-2018.html?mediaShare=1\" target=\"_blank\" rel=\"noopener noreferrer\">On en parle<\/a>, 13.7.2018 &#8211; &#8220;R\u00e9pertorier nos bancs publics&#8221;, de\u00a0Th\u00e9o Chavaillaz<\/strong><\/p>\n<audio class=\"wp-audio-shortcode\" id=\"audio-1783-15\" preload=\"none\" style=\"width: 100%;\" controls=\"controls\"><source type=\"audio\/mpeg\" src=\"https:\/\/bankkultur.ch\/wp-content\/uploads\/2018\/08\/2018-07-13_on-en-parle_standard_sequence.mp3?_=15\" \/><a href=\"https:\/\/bankkultur.ch\/wp-content\/uploads\/2018\/08\/2018-07-13_on-en-parle_standard_sequence.mp3\">https:\/\/bankkultur.ch\/wp-content\/uploads\/2018\/08\/2018-07-13_on-en-parle_standard_sequence.mp3<\/a><\/audio>\n<p><strong><a href=\"https:\/\/bankkultur.ch\/wp-content\/uploads\/2018\/06\/2018-06-28_TerreNature_LaUne-bancs.pdf\">Terre &amp; Nature 2018-06-28 La Une<\/a>\u00a0&#8211;\u00a0\u00a0<a href=\"https:\/\/www.terrenature.ch\/\" target=\"_blank\" rel=\"noopener noreferrer\">www.terre<\/a><a href=\"https:\/\/www.terrenature.ch\/\">nature.ch<\/a>\u00a0&#8211; &#8220;Recensez les plus beaux banc de Suisse&#8221;<a href=\"https:\/\/bankkultur.ch\/wp-content\/uploads\/2018\/08\/2018-08-21-LaC\u00f4te_page1-3.pdf\"><img loading=\"lazy\" class=\"alignnone wp-image-3059\" src=\"https:\/\/bankkultur.ch\/wp-content\/uploads\/2019\/07\/2018-08-21-Lacote-ArtRea-e1562062974467.jpg\" alt=\"\" width=\"721\" height=\"680\" \/><\/a><\/strong><\/p>\n<p><strong><a href=\"https:\/\/bankkultur.ch\/wp-content\/uploads\/2018\/06\/2018-06-28-Terre_Nature_article.pdf\">Terre &amp; Nature 2018-06-28 article<\/a>\u00a0&#8211; <a href=\"https:\/\/www.terrenature.ch\/\" target=\"_blank\" rel=\"noopener noreferrer\">www.terre<\/a><a href=\"https:\/\/www.terrenature.ch\/\">nature.ch<\/a>\u00a0&#8211; &#8220;Immortalisez votre banc favori&#8221;, Marjori Born<\/strong><\/p>\n<p><a href=\"https:\/\/bankkultur.ch\/wp-content\/uploads\/2018\/06\/Berner-Wanderwege-Newsletter-Juni-2018_FR.pdf\" target=\"_blank\" rel=\"noopener noreferrer\">Berner Wanderwege Newsletter_fr Juin 2018<\/a>\u00a0Seite 3, lien extern\u00a0\u00a0<a href=\"http:\/\/chrome-extension:\/\/oemmndcbldboiebfnladdacbdfmadadm\/https:\/\/www.bernerwanderwege.ch\/download.php?id=17626_bd5571cd\" target=\"_blank\" rel=\"noopener noreferrer\">ici<\/a>: &#8211; &#8220;Les v\u00e9ritables secrets banc\u2019aires suisses&#8221;<\/p>\n<p><a href=\"https:\/\/bankkultur.ch\/wp-content\/uploads\/2018\/06\/Serpeliou2018-06_2-art..pdf\" target=\"_blank\" rel=\"noopener noreferrer\">Serpeliou2018-06_2 art.<\/a>\u00a0&#8211; &#8220;De nouveaux secrets banc\u2019aires, made in St-Sulpice&#8221;<\/p>\n<p><a href=\"https:\/\/bankkultur.ch\/wp-content\/uploads\/2018\/06\/Swissinfo-29.3.2018fr-auch-in-soz.-medien.pdf\" target=\"_blank\" rel=\"noopener noreferrer\">Swissinfo 29.3.2018-fr<\/a>\u00a0&#8211; &#8220;Tout ce que font les Suisses pour leur bancs&#8221;<\/p>\n<p><a href=\"https:\/\/bankkultur.ch\/wp-content\/uploads\/2018\/06\/Randonner_ch-2018-02.pdf\" target=\"_blank\" rel=\"noopener noreferrer\">Randonner_ch 2018-02<\/a>\u00a0&#8211; &#8220;Chaque banc a son histoire&#8221;<\/p>\n<p><a href=\"https:\/\/bankkultur.ch\/wp-content\/uploads\/2018\/06\/Artikel-Serpeliou-Juni2017.pdf\" target=\"_blank\" rel=\"noopener noreferrer\">Serpeliou, interview, Juin2017<\/a>\u00a0&#8211; &#8220;Les amoureux des bancs suisses&#8221;<\/p>\n<p><img loading=\"lazy\" class=\" wp-image-1850 alignleft\" src=\"https:\/\/bankkultur.ch\/wp-content\/uploads\/2018\/06\/IMG_20170218_164117_050-300x169.jpg\" alt=\"\" width=\"653\" height=\"367\" \/><\/p>\n<\/div>\n<\/div>\n<\/div>\n<\/div>\n<\/div>\n<\/div>\n<\/div>\n<div id=\"cmsms_row_69f1e47504547\" class=\"cmsms_row cmsms_color_scheme_default\">\n<div class=\"cmsms_row_outer_parent\">\n<div class=\"cmsms_row_outer\">\n<div class=\"cmsms_row_inner\">\n<div class=\"cmsms_row_margin\">\n<div class=\"cmsms_column one_first\">\n<div id=\"cmsms_divider_69f1e47504685\" class=\"cmsms_divider solid\"><\/div>\n<\/div>\n<\/div>\n<\/div>\n<\/div>\n<\/div>\n<\/div>\n<div id=\"cmsms_row_69f1e475046ba\" class=\"cmsms_row cmsms_color_scheme_default\">\n<div class=\"cmsms_row_outer_parent\">\n<div class=\"cmsms_row_outer\">\n<div class=\"cmsms_row_inner\">\n<div class=\"cmsms_row_margin\">\n<div class=\"cmsms_column one_half\">\n<div class=\"cmsms_text\">\n<h2>En rumantsch<\/h2>\n<p><a href=\"https:\/\/bankkultur.ch\/wp-content\/uploads\/2018\/06\/Raetorom_Tagesztg_10_lq_05_2018-05-14-1.pdf\" target=\"_blank\" rel=\"noopener noreferrer\">Raetoromanische_Tageseitung_2018-05-14_rumantsch<\/a>\u00a0&#8211; &#8220;Cultura\u00a0da bancs\u00a0a Scuol&#8221;, Annationa Filli<\/p>\n<\/div>\n<\/div>\n<div class=\"cmsms_column one_half\">\n<div class=\"cmsms_text\">\n<h2>En italien<\/h2>\n<p>RSI, 28.6.2018 &#8211; \u00e9mission sur le <a href=\"https:\/\/www.rsi.ch\/news\/svizzera\/RG-12.30-del-28.6.2018-Panchine-come-beni-culturali-di-Monica-Fornasier-10635723.html\" target=\"_blank\" rel=\"noopener noreferrer\">patrimoine culturel des bancs publics<\/a> dans le cadre de l&#8217;Ann\u00e9e du patrimoine culturel, de Monica Fornasier<\/p>\n<p><a href=\"https:\/\/bankkultur.ch\/wp-content\/uploads\/2018\/06\/Swissinfo-29.3.2018it-auch-in-soz.-medien.pdf\" target=\"_blank\" rel=\"noopener noreferrer\">Swissinfo 29.3.2018<\/a>\u00a0&#8211; &#8220;Tutto quello che fanno gli svizzeri per le panchine&#8221;<\/p>\n<\/div>\n<\/div>\n<\/div>\n<\/div>\n<\/div>\n<\/div>\n<\/div>\n\n","protected":false},"excerpt":{"rendered":"","protected":false},"author":1,"featured_media":0,"parent":0,"menu_order":5,"comment_status":"closed","ping_status":"closed","template":"","meta":{"_et_pb_use_builder":"","_et_pb_old_content":"","_et_gb_content_width":"","_monsterinsights_skip_tracking":false,"_monsterinsights_sitenote_active":false,"_monsterinsights_sitenote_note":"","_monsterinsights_sitenote_category":0},"yoast_head":"<!-- This site is optimized with the Yoast SEO plugin v16.2 - https:\/\/yoast.com\/wordpress\/plugins\/seo\/ -->\n<title>L&#039;association Bankkultur dans les m\u00e9dia - Revue de presse<\/title>\n<meta name=\"description\" content=\"Voici la revue de presse de l&#039;Association Bankkultur. Articles et emissions en quatre langues parlent des projets, de la fondation et de la communaut\u00e9.\" \/>\n<meta name=\"robots\" content=\"index, follow, max-snippet:-1, max-image-preview:large, max-video-preview:-1\" \/>\n<link rel=\"canonical\" href=\"https:\/\/bankkultur.ch\/fr\/fr\/medias\/\" \/>\n<meta property=\"og:locale\" content=\"de_DE\" \/>\n<meta property=\"og:type\" content=\"article\" \/>\n<meta property=\"og:title\" content=\"L&#039;association Bankkultur dans les m\u00e9dia - Revue de presse\" \/>\n<meta property=\"og:description\" content=\"Voici la revue de presse de l&#039;Association Bankkultur. Articles et emissions en quatre langues parlent des projets, de la fondation et de la communaut\u00e9.\" \/>\n<meta property=\"og:url\" content=\"https:\/\/bankkultur.ch\/fr\/fr\/medias\/\" \/>\n<meta property=\"og:site_name\" content=\"Bankkultur\" \/>\n<meta property=\"article:publisher\" content=\"http:\/\/www.facebook.com\/bankkultur\" \/>\n<meta property=\"article:modified_time\" content=\"2021-05-16T17:12:53+00:00\" \/>\n<meta property=\"og:image\" content=\"https:\/\/bankkultur.ch\/wp-content\/uploads\/2019\/07\/2018-07-23-Migros-Magazin-LaUne-e1562061389907.jpg\" \/>\n<meta name=\"twitter:card\" content=\"summary\" \/>\n<meta name=\"twitter:site\" content=\"@bankgeheimnisse\" \/>\n<meta name=\"twitter:label1\" content=\"Gesch\u00e4tzte Lesezeit\">\n\t<meta name=\"twitter:data1\" content=\"9\u00a0Minuten\">\n<script type=\"application\/ld+json\" class=\"yoast-schema-graph\">{\"@context\":\"https:\/\/schema.org\",\"@graph\":[{\"@type\":\"Organization\",\"@id\":\"https:\/\/bankkultur.ch\/fr\/fr\/accueil\/#organization\",\"name\":\"Verein zur F\\u00f6rderung der Schweizer Bankkultur\",\"url\":\"https:\/\/bankkultur.ch\/fr\/fr\/accueil\/\",\"sameAs\":[\"http:\/\/www.facebook.com\/bankkultur\",\"http:\/\/instagram.com\/bankgeheimnisse\",\"https:\/\/twitter.com\/bankgeheimnisse\"],\"logo\":{\"@type\":\"ImageObject\",\"@id\":\"https:\/\/bankkultur.ch\/fr\/fr\/accueil\/#logo\",\"inLanguage\":\"de\",\"url\":\"http:\/\/bankkultur.ch\/wp-content\/uploads\/2017\/03\/cropped-Logo-Feb.2017-Icon.jpg\",\"contentUrl\":\"http:\/\/bankkultur.ch\/wp-content\/uploads\/2017\/03\/cropped-Logo-Feb.2017-Icon.jpg\",\"width\":512,\"height\":512,\"caption\":\"Verein zur F\\u00f6rderung der Schweizer Bankkultur\"},\"image\":{\"@id\":\"https:\/\/bankkultur.ch\/fr\/fr\/accueil\/#logo\"}},{\"@type\":\"WebSite\",\"@id\":\"https:\/\/bankkultur.ch\/fr\/fr\/accueil\/#website\",\"url\":\"https:\/\/bankkultur.ch\/fr\/fr\/accueil\/\",\"name\":\"Bankkultur\",\"description\":\"Verein zur F\\u00f6rderung der Schweizer Bankkultur\",\"publisher\":{\"@id\":\"https:\/\/bankkultur.ch\/fr\/fr\/accueil\/#organization\"},\"potentialAction\":[{\"@type\":\"SearchAction\",\"target\":\"https:\/\/bankkultur.ch\/fr\/fr\/accueil\/?s={search_term_string}\",\"query-input\":\"required name=search_term_string\"}],\"inLanguage\":\"de\"},{\"@type\":\"ImageObject\",\"@id\":\"https:\/\/bankkultur.ch\/fr\/fr\/medias\/#primaryimage\",\"inLanguage\":\"de\",\"url\":\"https:\/\/bankkultur.ch\/wp-content\/uploads\/2019\/07\/2018-07-23-Migros-Magazin-LaUne-e1562061389907.jpg\",\"contentUrl\":\"https:\/\/bankkultur.ch\/wp-content\/uploads\/2019\/07\/2018-07-23-Migros-Magazin-LaUne-e1562061389907.jpg\",\"width\":800,\"height\":855,\"caption\":\"Migros Magazin Albrecher Bankkultur\"},{\"@type\":\"WebPage\",\"@id\":\"https:\/\/bankkultur.ch\/fr\/fr\/medias\/#webpage\",\"url\":\"https:\/\/bankkultur.ch\/fr\/fr\/medias\/\",\"name\":\"L'association Bankkultur dans les m\\u00e9dia - Revue de presse\",\"isPartOf\":{\"@id\":\"https:\/\/bankkultur.ch\/fr\/fr\/accueil\/#website\"},\"primaryImageOfPage\":{\"@id\":\"https:\/\/bankkultur.ch\/fr\/fr\/medias\/#primaryimage\"},\"datePublished\":\"2018-06-21T15:42:32+00:00\",\"dateModified\":\"2021-05-16T17:12:53+00:00\",\"description\":\"Voici la revue de presse de l'Association Bankkultur. Articles et emissions en quatre langues parlent des projets, de la fondation et de la communaut\\u00e9.\",\"breadcrumb\":{\"@id\":\"https:\/\/bankkultur.ch\/fr\/fr\/medias\/#breadcrumb\"},\"inLanguage\":\"de\",\"potentialAction\":[{\"@type\":\"ReadAction\",\"target\":[\"https:\/\/bankkultur.ch\/fr\/fr\/medias\/\"]}]},{\"@type\":\"BreadcrumbList\",\"@id\":\"https:\/\/bankkultur.ch\/fr\/fr\/medias\/#breadcrumb\",\"itemListElement\":[{\"@type\":\"ListItem\",\"position\":1,\"item\":{\"@type\":\"WebPage\",\"@id\":\"https:\/\/bankkultur.ch\/de\/fr\/verein\/\",\"url\":\"https:\/\/bankkultur.ch\/de\/fr\/verein\/\",\"name\":\"Accueil\"}},{\"@type\":\"ListItem\",\"position\":2,\"item\":{\"@id\":\"https:\/\/bankkultur.ch\/fr\/fr\/medias\/#webpage\"}}]}]}<\/script>\n<!-- \/ Yoast SEO plugin. -->","_links":{"self":[{"href":"https:\/\/bankkultur.ch\/fr\/wp-json\/wp\/v2\/pages\/1783"}],"collection":[{"href":"https:\/\/bankkultur.ch\/fr\/wp-json\/wp\/v2\/pages"}],"about":[{"href":"https:\/\/bankkultur.ch\/fr\/wp-json\/wp\/v2\/types\/page"}],"author":[{"embeddable":true,"href":"https:\/\/bankkultur.ch\/fr\/wp-json\/wp\/v2\/users\/1"}],"replies":[{"embeddable":true,"href":"https:\/\/bankkultur.ch\/fr\/wp-json\/wp\/v2\/comments?post=1783"}],"version-history":[{"count":68,"href":"https:\/\/bankkultur.ch\/fr\/wp-json\/wp\/v2\/pages\/1783\/revisions"}],"predecessor-version":[{"id":3194,"href":"https:\/\/bankkultur.ch\/fr\/wp-json\/wp\/v2\/pages\/1783\/revisions\/3194"}],"wp:attachment":[{"href":"https:\/\/bankkultur.ch\/fr\/wp-json\/wp\/v2\/media?parent=1783"}],"curies":[{"name":"wp","href":"https:\/\/api.w.org\/{rel}","templated":true}]}}